{"id":5810,"date":"2025-11-08T11:25:14","date_gmt":"2025-11-08T11:25:14","guid":{"rendered":"https:\/\/eldediezdelagorda.es\/?page_id=5810"},"modified":"2026-02-27T10:34:03","modified_gmt":"2026-02-27T10:34:03","slug":"la-carta","status":"publish","type":"page","link":"https:\/\/eldediezdelagorda.es\/en\/la-carta\/","title":{"rendered":"La carta"},"content":{"rendered":"<div data-elementor-type=\"wp-page\" data-elementor-id=\"5810\" class=\"elementor elementor-5810\" data-elementor-post-type=\"page\">\n\t\t\t\t<div class=\"elementor-element elementor-element-3963e82 e-flex e-con-boxed e-con e-parent\" data-id=\"3963e82\" data-element_type=\"container\" data-e-type=\"container\" data-settings=\"{&quot;background_background&quot;:&quot;classic&quot;}\">\n\t\t\t\t\t<div class=\"e-con-inner\">\n\t\t<div class=\"elementor-element elementor-element-7b35fdd e-con-full e-flex e-con e-child\" data-id=\"7b35fdd\" data-element_type=\"container\" data-e-type=\"container\" data-settings=\"{&quot;background_background&quot;:&quot;classic&quot;}\">\n\t\t<div class=\"elementor-element elementor-element-564f34f e-flex e-con-boxed e-con e-child\" data-id=\"564f34f\" data-element_type=\"container\" data-e-type=\"container\">\n\t\t\t\t\t<div class=\"e-con-inner\">\n\t\t\t\t<div class=\"elementor-element elementor-element-479c059 elementor-widget elementor-widget-heading\" data-id=\"479c059\" data-element_type=\"widget\" data-e-type=\"widget\" data-widget_type=\"heading.default\">\n\t\t\t\t\t<h2 class=\"elementor-heading-title elementor-size-default\">Rinc\u00f3n <span style=\"color:#d39738\">De<\/span> la huerta<\/h2>\t\t\t\t<\/div>\n\t\t\t\t<div class=\"elementor-element elementor-element-5420589 elementor-widget elementor-widget-em_menu_group_single\" data-id=\"5420589\" data-element_type=\"widget\" data-e-type=\"widget\" data-widget_type=\"em_menu_group_single.default\">\n\t\t\t\t<div class=\"elementor-widget-container\">\n\t\t\t\t\t\n<div class=\"em-single-menu-group em-layout-list em-image-top\">\n    \n        \n        \n        <div class=\"em-dishes-container em-columns-2\">\n                    <article class=\"em-dish\" data-dish-id=\"c5b2c21e-0214-4a0e-b82a-68297f4d4676\">\n                <!-- Columna 1: Imagen -->\n                <div class=\"em-dish__image\">\n                                            <img decoding=\"async\" \n                            src=\"https:\/\/jcfiarsoqvczjavikgoh.supabase.co\/storage\/v1\/object\/public\/restaurant-images\/dish-images\/1762792528481-8wu8az2ezf3.jpg\" \n                            alt=\"Ensalada templada de queso azul, tomate seco, frutos secos, manzana y miel\" \n                            loading=\"lazy\"\n                        \/>\n                                    <\/div>\n                \n                <!-- Columna 2: Contenido -->\n                <div class=\"em-dish__content\">\n                    <!-- Fila 1: Header (t\u00edtulo + badge + leader + precios) -->\n                    <div class=\"em-dish__header\">\n                                                \n                                                \n                        <h4 class=\"em-dish__title\"><span class=\"em-dish__title-text\">Ensalada templada de queso azul, tomate seco, frutos secos, manzana y miel<\/span><\/h4>\n                        \n                                                    <div class=\"em-dish__leader\" aria-hidden=\"true\"><\/div>\n                                                \n                                                    <div class=\"em-dish__prices\">\n                                <span class=\"em-dish__price--p2\">\n                                                                    <\/span>\n                                \n                                                                \n                                <span class=\"em-dish__price--p1\">\n                                                                            <span class=\"em-price__integer\">11<\/span><span class=\"em-price__decimal-sep\">,<\/span><span class=\"em-price__decimals\">00<\/span><span class=\"em-price__symbol\">\u20ac<\/span>                                                                    <\/span>\n                            <\/div>\n                                            <\/div>\n                    \n                    <!-- Fila 2: Descripci\u00f3n (solo si existe Y est\u00e1 habilitada) -->\n                                        \n                    <!-- Fila 3: Tags (solo si existen Y est\u00e1n habilitados) -->\n                                        \n                    <!-- Fila 4: Al\u00e9rgenos (solo si existen Y est\u00e1n habilitados) -->\n                                            <div class=\"em-dish__allergens\">\n                                                            <span \n                                    class=\"em-allergen-icon\"\n                                    title=\"Di\u00f3xido de azufre y sulfitos\"\n                                    aria-label=\"Di\u00f3xido de azufre y sulfitos\"\n                                    style=\"-webkit-mask-image: url('https:\/\/eldediezdelagorda.es\/wp-content\/plugins\/eligemenu-integration\/assets\/images\/allergens\/sulfites.svg'); mask-image: url('https:\/\/eldediezdelagorda.es\/wp-content\/plugins\/eligemenu-integration\/assets\/images\/allergens\/sulfites.svg');\"\n                                ><\/span>\n                                                            <span \n                                    class=\"em-allergen-icon\"\n                                    title=\"L\u00e1cteos\"\n                                    aria-label=\"L\u00e1cteos\"\n                                    style=\"-webkit-mask-image: url('https:\/\/eldediezdelagorda.es\/wp-content\/plugins\/eligemenu-integration\/assets\/images\/allergens\/dairy.svg'); mask-image: url('https:\/\/eldediezdelagorda.es\/wp-content\/plugins\/eligemenu-integration\/assets\/images\/allergens\/dairy.svg');\"\n                                ><\/span>\n                                                    <\/div>\n                                    <\/div>\n            <\/article>\n                    <article class=\"em-dish\" data-dish-id=\"f75ab6d0-51e2-45d4-87c3-0d7cab3dc433\">\n                <!-- Columna 1: Imagen -->\n                <div class=\"em-dish__image\">\n                                            <img decoding=\"async\" \n                            src=\"https:\/\/jcfiarsoqvczjavikgoh.supabase.co\/storage\/v1\/object\/public\/restaurant-images\/dish-images\/1762261627336-1jevbzo0nag.jpg\" \n                            alt=\"Mozzarella de b\u00fafala con pesto de hierbas mediterr\u00e1neas, tomate seco y avellanas\" \n                            loading=\"lazy\"\n                        \/>\n                                    <\/div>\n                \n                <!-- Columna 2: Contenido -->\n                <div class=\"em-dish__content\">\n                    <!-- Fila 1: Header (t\u00edtulo + badge + leader + precios) -->\n                    <div class=\"em-dish__header\">\n                                                \n                                                \n                        <h4 class=\"em-dish__title\"><span class=\"em-dish__title-text\">Mozzarella de b\u00fafala con pesto de hierbas mediterr\u00e1neas, tomate seco y avellanas<\/span><\/h4>\n                        \n                                                    <div class=\"em-dish__leader\" aria-hidden=\"true\"><\/div>\n                                                \n                                                    <div class=\"em-dish__prices\">\n                                <span class=\"em-dish__price--p2\">\n                                                                    <\/span>\n                                \n                                                                \n                                <span class=\"em-dish__price--p1\">\n                                                                            <span class=\"em-price__integer\">12<\/span><span class=\"em-price__decimal-sep\">,<\/span><span class=\"em-price__decimals\">00<\/span><span class=\"em-price__symbol\">\u20ac<\/span>                                                                    <\/span>\n                            <\/div>\n                                            <\/div>\n                    \n                    <!-- Fila 2: Descripci\u00f3n (solo si existe Y est\u00e1 habilitada) -->\n                                        \n                    <!-- Fila 3: Tags (solo si existen Y est\u00e1n habilitados) -->\n                                        \n                    <!-- Fila 4: Al\u00e9rgenos (solo si existen Y est\u00e1n habilitados) -->\n                                            <div class=\"em-dish__allergens\">\n                                                            <span \n                                    class=\"em-allergen-icon\"\n                                    title=\"Crust\u00e1ceos\"\n                                    aria-label=\"Crust\u00e1ceos\"\n                                    style=\"-webkit-mask-image: url('https:\/\/eldediezdelagorda.es\/wp-content\/plugins\/eligemenu-integration\/assets\/images\/allergens\/crustaceans.svg'); mask-image: url('https:\/\/eldediezdelagorda.es\/wp-content\/plugins\/eligemenu-integration\/assets\/images\/allergens\/crustaceans.svg');\"\n                                ><\/span>\n                                                            <span \n                                    class=\"em-allergen-icon\"\n                                    title=\"Di\u00f3xido de azufre y sulfitos\"\n                                    aria-label=\"Di\u00f3xido de azufre y sulfitos\"\n                                    style=\"-webkit-mask-image: url('https:\/\/eldediezdelagorda.es\/wp-content\/plugins\/eligemenu-integration\/assets\/images\/allergens\/sulfites.svg'); mask-image: url('https:\/\/eldediezdelagorda.es\/wp-content\/plugins\/eligemenu-integration\/assets\/images\/allergens\/sulfites.svg');\"\n                                ><\/span>\n                                                            <span \n                                    class=\"em-allergen-icon\"\n                                    title=\"L\u00e1cteos\"\n                                    aria-label=\"L\u00e1cteos\"\n                                    style=\"-webkit-mask-image: url('https:\/\/eldediezdelagorda.es\/wp-content\/plugins\/eligemenu-integration\/assets\/images\/allergens\/dairy.svg'); mask-image: url('https:\/\/eldediezdelagorda.es\/wp-content\/plugins\/eligemenu-integration\/assets\/images\/allergens\/dairy.svg');\"\n                                ><\/span>\n                                                            <span \n                                    class=\"em-allergen-icon\"\n                                    title=\"Frutos secos\"\n                                    aria-label=\"Frutos secos\"\n                                    style=\"-webkit-mask-image: url('https:\/\/eldediezdelagorda.es\/wp-content\/plugins\/eligemenu-integration\/assets\/images\/allergens\/tree-nuts.svg'); mask-image: url('https:\/\/eldediezdelagorda.es\/wp-content\/plugins\/eligemenu-integration\/assets\/images\/allergens\/tree-nuts.svg');\"\n                                ><\/span>\n                                                    <\/div>\n                                    <\/div>\n            <\/article>\n                    <article class=\"em-dish\" data-dish-id=\"5ee1c024-0de6-43d2-9149-dfafcde4ea3c\">\n                <!-- Columna 1: Imagen -->\n                <div class=\"em-dish__image\">\n                                            <img decoding=\"async\" \n                            src=\"https:\/\/jcfiarsoqvczjavikgoh.supabase.co\/storage\/v1\/object\/public\/restaurant-images\/dish-images\/1774958636503-241kk6pd9ue.png\" \n                            alt=\"Ensalada C\u00e9sar de langostinos\" \n                            loading=\"lazy\"\n                        \/>\n                                    <\/div>\n                \n                <!-- Columna 2: Contenido -->\n                <div class=\"em-dish__content\">\n                    <!-- Fila 1: Header (t\u00edtulo + badge + leader + precios) -->\n                    <div class=\"em-dish__header\">\n                                                \n                                                \n                        <h4 class=\"em-dish__title\"><span class=\"em-dish__title-text\">Ensalada C\u00e9sar de langostinos<\/span><\/h4>\n                        \n                                                    <div class=\"em-dish__leader\" aria-hidden=\"true\"><\/div>\n                                                \n                                                    <div class=\"em-dish__prices\">\n                                <span class=\"em-dish__price--p2\">\n                                                                    <\/span>\n                                \n                                                                \n                                <span class=\"em-dish__price--p1\">\n                                                                            <span class=\"em-price__integer\">12<\/span><span class=\"em-price__decimal-sep\">,<\/span><span class=\"em-price__decimals\">00<\/span><span class=\"em-price__symbol\">\u20ac<\/span>                                                                    <\/span>\n                            <\/div>\n                                            <\/div>\n                    \n                    <!-- Fila 2: Descripci\u00f3n (solo si existe Y est\u00e1 habilitada) -->\n                                        \n                    <!-- Fila 3: Tags (solo si existen Y est\u00e1n habilitados) -->\n                                        \n                    <!-- Fila 4: Al\u00e9rgenos (solo si existen Y est\u00e1n habilitados) -->\n                                            <div class=\"em-dish__allergens\">\n                                                            <span \n                                    class=\"em-allergen-icon\"\n                                    title=\"Moluscos\"\n                                    aria-label=\"Moluscos\"\n                                    style=\"-webkit-mask-image: url('https:\/\/eldediezdelagorda.es\/wp-content\/plugins\/eligemenu-integration\/assets\/images\/allergens\/mollusks.svg'); mask-image: url('https:\/\/eldediezdelagorda.es\/wp-content\/plugins\/eligemenu-integration\/assets\/images\/allergens\/mollusks.svg');\"\n                                ><\/span>\n                                                            <span \n                                    class=\"em-allergen-icon\"\n                                    title=\"Crust\u00e1ceos\"\n                                    aria-label=\"Crust\u00e1ceos\"\n                                    style=\"-webkit-mask-image: url('https:\/\/eldediezdelagorda.es\/wp-content\/plugins\/eligemenu-integration\/assets\/images\/allergens\/crustaceans.svg'); mask-image: url('https:\/\/eldediezdelagorda.es\/wp-content\/plugins\/eligemenu-integration\/assets\/images\/allergens\/crustaceans.svg');\"\n                                ><\/span>\n                                                            <span \n                                    class=\"em-allergen-icon\"\n                                    title=\"Di\u00f3xido de azufre y sulfitos\"\n                                    aria-label=\"Di\u00f3xido de azufre y sulfitos\"\n                                    style=\"-webkit-mask-image: url('https:\/\/eldediezdelagorda.es\/wp-content\/plugins\/eligemenu-integration\/assets\/images\/allergens\/sulfites.svg'); mask-image: url('https:\/\/eldediezdelagorda.es\/wp-content\/plugins\/eligemenu-integration\/assets\/images\/allergens\/sulfites.svg');\"\n                                ><\/span>\n                                                            <span \n                                    class=\"em-allergen-icon\"\n                                    title=\"L\u00e1cteos\"\n                                    aria-label=\"L\u00e1cteos\"\n                                    style=\"-webkit-mask-image: url('https:\/\/eldediezdelagorda.es\/wp-content\/plugins\/eligemenu-integration\/assets\/images\/allergens\/dairy.svg'); mask-image: url('https:\/\/eldediezdelagorda.es\/wp-content\/plugins\/eligemenu-integration\/assets\/images\/allergens\/dairy.svg');\"\n                                ><\/span>\n                                                    <\/div>\n                                    <\/div>\n            <\/article>\n                    <article class=\"em-dish\" data-dish-id=\"35bcafdd-f167-42f3-81d2-5182cc186807\">\n                <!-- Columna 1: Imagen -->\n                <div class=\"em-dish__image\">\n                                            <img decoding=\"async\" \n                            src=\"https:\/\/jcfiarsoqvczjavikgoh.supabase.co\/storage\/v1\/object\/public\/restaurant-images\/dish-images\/1774958287635-1l1je52z8jn.png\" \n                            alt=\"Parrillada de verduras\" \n                            loading=\"lazy\"\n                        \/>\n                                    <\/div>\n                \n                <!-- Columna 2: Contenido -->\n                <div class=\"em-dish__content\">\n                    <!-- Fila 1: Header (t\u00edtulo + badge + leader + precios) -->\n                    <div class=\"em-dish__header\">\n                                                \n                                                \n                        <h4 class=\"em-dish__title\"><span class=\"em-dish__title-text\">Parrillada de verduras<\/span><\/h4>\n                        \n                                                    <div class=\"em-dish__leader\" aria-hidden=\"true\"><\/div>\n                                                \n                                                    <div class=\"em-dish__prices\">\n                                <span class=\"em-dish__price--p2\">\n                                                                    <\/span>\n                                \n                                                                \n                                <span class=\"em-dish__price--p1\">\n                                                                            <span class=\"em-price__integer\">12<\/span><span class=\"em-price__decimal-sep\">,<\/span><span class=\"em-price__decimals\">00<\/span><span class=\"em-price__symbol\">\u20ac<\/span>                                                                    <\/span>\n                            <\/div>\n                                            <\/div>\n                    \n                    <!-- Fila 2: Descripci\u00f3n (solo si existe Y est\u00e1 habilitada) -->\n                                        \n                    <!-- Fila 3: Tags (solo si existen Y est\u00e1n habilitados) -->\n                                        \n                    <!-- Fila 4: Al\u00e9rgenos (solo si existen Y est\u00e1n habilitados) -->\n                                    <\/div>\n            <\/article>\n                    <article class=\"em-dish\" data-dish-id=\"827f39b7-ee29-45df-8c7b-b85ffac49e1f\">\n                <!-- Columna 1: Imagen -->\n                <div class=\"em-dish__image\">\n                                            <img decoding=\"async\" \n                            src=\"https:\/\/jcfiarsoqvczjavikgoh.supabase.co\/storage\/v1\/object\/public\/restaurant-images\/dish-images\/1774959222553-u771tsvpa59.png\" \n                            alt=\"Ensalada de tomate de Vegastur con lomos de at\u00fan, sal negra y aceite de oliva negra\" \n                            loading=\"lazy\"\n                        \/>\n                                    <\/div>\n                \n                <!-- Columna 2: Contenido -->\n                <div class=\"em-dish__content\">\n                    <!-- Fila 1: Header (t\u00edtulo + badge + leader + precios) -->\n                    <div class=\"em-dish__header\">\n                                                \n                                                \n                        <h4 class=\"em-dish__title\"><span class=\"em-dish__title-text\">Ensalada de tomate de Vegastur con lomos de at\u00fan, sal negra y aceite de oliva negra<\/span><\/h4>\n                        \n                                                    <div class=\"em-dish__leader\" aria-hidden=\"true\"><\/div>\n                                                \n                                                    <div class=\"em-dish__prices\">\n                                <span class=\"em-dish__price--p2\">\n                                                                    <\/span>\n                                \n                                                                \n                                <span class=\"em-dish__price--p1\">\n                                                                            <span class=\"em-price__integer\">13<\/span><span class=\"em-price__decimal-sep\">,<\/span><span class=\"em-price__decimals\">00<\/span><span class=\"em-price__symbol\">\u20ac<\/span>                                                                    <\/span>\n                            <\/div>\n                                            <\/div>\n                    \n                    <!-- Fila 2: Descripci\u00f3n (solo si existe Y est\u00e1 habilitada) -->\n                                        \n                    <!-- Fila 3: Tags (solo si existen Y est\u00e1n habilitados) -->\n                                        \n                    <!-- Fila 4: Al\u00e9rgenos (solo si existen Y est\u00e1n habilitados) -->\n                                            <div class=\"em-dish__allergens\">\n                                                            <span \n                                    class=\"em-allergen-icon\"\n                                    title=\"Di\u00f3xido de azufre y sulfitos\"\n                                    aria-label=\"Di\u00f3xido de azufre y sulfitos\"\n                                    style=\"-webkit-mask-image: url('https:\/\/eldediezdelagorda.es\/wp-content\/plugins\/eligemenu-integration\/assets\/images\/allergens\/sulfites.svg'); mask-image: url('https:\/\/eldediezdelagorda.es\/wp-content\/plugins\/eligemenu-integration\/assets\/images\/allergens\/sulfites.svg');\"\n                                ><\/span>\n                                                            <span \n                                    class=\"em-allergen-icon\"\n                                    title=\"Pescado\"\n                                    aria-label=\"Pescado\"\n                                    style=\"-webkit-mask-image: url('https:\/\/eldediezdelagorda.es\/wp-content\/plugins\/eligemenu-integration\/assets\/images\/allergens\/fish.svg'); mask-image: url('https:\/\/eldediezdelagorda.es\/wp-content\/plugins\/eligemenu-integration\/assets\/images\/allergens\/fish.svg');\"\n                                ><\/span>\n                                                    <\/div>\n                                    <\/div>\n            <\/article>\n            <\/div>\n<\/div>\n\t\t\t\t<\/div>\n\t\t\t\t<\/div>\n\t\t\t\t\t<\/div>\n\t\t\t\t<\/div>\n\t\t<div class=\"elementor-element elementor-element-d6a92cf e-con-full elementor-hidden-tablet elementor-hidden-mobile e-flex e-con e-child\" data-id=\"d6a92cf\" data-element_type=\"container\" data-e-type=\"container\">\n\t\t\t\t<div class=\"elementor-element elementor-element-f04778e elementor-widget elementor-widget-tastyc-image-style-2\" data-id=\"f04778e\" data-element_type=\"widget\" data-e-type=\"widget\" data-widget_type=\"tastyc-image-style-2.default\">\n\t\t\t\t<div class=\"elementor-widget-container\">\n\t\t\t\t\t\n\t\t<div class=\"tst-image-s-2\">\n\n\t\t\t<!-- image -->\n\t\t\t\t\t\t\t\t\t<div class=\"image-col img-size-sq\">\n\t\t\t\t<img decoding=\"async\" src=\"https:\/\/eldediezdelagorda.es\/wp-content\/uploads\/2025\/11\/el-rincon-de-la-huerta-02.jpg\" alt=\"\">\n\t\t\t<\/div>\n\t\t\t\t\t\t\n\t\t\t\n\t\t<\/div>\n\n\t\t\t\t\t\t<\/div>\n\t\t\t\t<\/div>\n\t\t\t\t<\/div>\n\t\t\t\t<\/div>\n\t\t<div class=\"elementor-element elementor-element-1bec7e7 e-con-full e-flex e-con e-child\" data-id=\"1bec7e7\" data-element_type=\"container\" data-e-type=\"container\" data-settings=\"{&quot;background_background&quot;:&quot;classic&quot;}\">\n\t\t<div class=\"elementor-element elementor-element-eb18935 e-flex e-con-boxed e-con e-child\" data-id=\"eb18935\" data-element_type=\"container\" data-e-type=\"container\">\n\t\t\t\t\t<div class=\"e-con-inner\">\n\t\t\t\t<div class=\"elementor-element elementor-element-61b9eb2 elementor-widget elementor-widget-heading\" data-id=\"61b9eb2\" data-element_type=\"widget\" data-e-type=\"widget\" data-widget_type=\"heading.default\">\n\t\t\t\t\t<h2 class=\"elementor-heading-title elementor-size-default\">Rinc\u00f3n <span style=\"color:#d39738\">De<\/span> picar<\/h2>\t\t\t\t<\/div>\n\t\t\t\t<div class=\"elementor-element elementor-element-864cb81 elementor-widget elementor-widget-em_dish_list_item\" data-id=\"864cb81\" data-element_type=\"widget\" data-e-type=\"widget\" data-widget_type=\"em_dish_list_item.default\">\n\t\t\t\t<div class=\"elementor-widget-container\">\n\t\t\t\t\t<div class=\"em-dishlist-wrapper\" data-columns=\"1\"><div class=\"em-dishlist-item\">\n<article class=\"em-dish\">\n    <!-- Columna 1: Imagen (oculta si show_image = false) -->\n    <div class=\"em-dish__image\">\n                    <img decoding=\"async\" \n                src=\"https:\/\/jcfiarsoqvczjavikgoh.supabase.co\/storage\/v1\/object\/public\/restaurant-images\/dish-images\/1762261677245-bifn7d8ftz9.jpg\" \n                alt=\"Croquetinas de jam\u00f3n\"\n                loading=\"lazy\"\n            \/>\n            <\/div>\n    \n    <!-- Columna 2: Contenido (header, descripci\u00f3n, al\u00e9rgenos) -->\n    <div class=\"em-dish__content\">\n        <!-- Fila 1: Header (t\u00edtulo + badge + leader + precios) -->\n        <div class=\"em-dish__header em-dish__header--with-leader\">\n            <span class=\"em-dish__title-block\">\n                                \n                <span class=\"em-dish__title\">Croquetinas de jam\u00f3n<\/span>\n                \n                            <\/span>\n            \n                            <span class=\"em-dish__leader\"><\/span>\n                        \n                <span class=\"em-dish__prices\">\n                    <span class=\"em-dish__price--p2\">\n                                            <\/span>\n                    \n                                        \n                    <span class=\"em-dish__price--p1\">\n                                                    11,00\u20ac                                            <\/span>\n                <\/span>\n                    <\/div>\n        \n        <!-- Fila 2: Descripci\u00f3n (solo si existe Y est\u00e1 habilitada) -->\n                \n        <!-- Fila 3: Al\u00e9rgenos (solo si existen Y est\u00e1n habilitados) -->\n                    <div class=\"em-dish__allergens\">\n                                    <span \n                        class=\"em-allergen-icon\"\n                        title=\"Di\u00f3xido de azufre y sulfitos\"\n                        aria-label=\"Di\u00f3xido de azufre y sulfitos\"\n                        style=\"-webkit-mask-image: url('https:\/\/eldediezdelagorda.es\/wp-content\/plugins\/eligemenu-integration\/assets\/images\/allergens\/sulfites.svg'); mask-image: url('https:\/\/eldediezdelagorda.es\/wp-content\/plugins\/eligemenu-integration\/assets\/images\/allergens\/sulfites.svg');\"\n                    ><\/span>\n                                    <span \n                        class=\"em-allergen-icon\"\n                        title=\"L\u00e1cteos\"\n                        aria-label=\"L\u00e1cteos\"\n                        style=\"-webkit-mask-image: url('https:\/\/eldediezdelagorda.es\/wp-content\/plugins\/eligemenu-integration\/assets\/images\/allergens\/dairy.svg'); mask-image: url('https:\/\/eldediezdelagorda.es\/wp-content\/plugins\/eligemenu-integration\/assets\/images\/allergens\/dairy.svg');\"\n                    ><\/span>\n                            <\/div>\n            <\/div>\n<\/article>\n<\/div><div class=\"em-dishlist-item\">\n<article class=\"em-dish\">\n    <!-- Columna 1: Imagen (oculta si show_image = false) -->\n    <div class=\"em-dish__image\">\n                    <img decoding=\"async\" \n                src=\"https:\/\/jcfiarsoqvczjavikgoh.supabase.co\/storage\/v1\/object\/public\/restaurant-images\/dish-images\/1762270962099-crjogxhulc.jpg\" \n                alt=\"Morcilla matachana sobre tortilla deconstruida\"\n                loading=\"lazy\"\n            \/>\n            <\/div>\n    \n    <!-- Columna 2: Contenido (header, descripci\u00f3n, al\u00e9rgenos) -->\n    <div class=\"em-dish__content\">\n        <!-- Fila 1: Header (t\u00edtulo + badge + leader + precios) -->\n        <div class=\"em-dish__header em-dish__header--with-leader\">\n            <span class=\"em-dish__title-block\">\n                                \n                <span class=\"em-dish__title\">Morcilla matachana sobre tortilla deconstruida<\/span>\n                \n                            <\/span>\n            \n                            <span class=\"em-dish__leader\"><\/span>\n                        \n                <span class=\"em-dish__prices\">\n                    <span class=\"em-dish__price--p2\">\n                                                    7,00\u20ac                                            <\/span>\n                    \n                                            <span class=\"em-dish__price--sep\"> \/ <\/span>\n                                        \n                    <span class=\"em-dish__price--p1\">\n                                                    12,00\u20ac                                            <\/span>\n                <\/span>\n                    <\/div>\n        \n        <!-- Fila 2: Descripci\u00f3n (solo si existe Y est\u00e1 habilitada) -->\n                \n        <!-- Fila 3: Al\u00e9rgenos (solo si existen Y est\u00e1n habilitados) -->\n                    <div class=\"em-dish__allergens\">\n                                    <span \n                        class=\"em-allergen-icon\"\n                        title=\"Huevos\"\n                        aria-label=\"Huevos\"\n                        style=\"-webkit-mask-image: url('https:\/\/eldediezdelagorda.es\/wp-content\/plugins\/eligemenu-integration\/assets\/images\/allergens\/eggs.svg'); mask-image: url('https:\/\/eldediezdelagorda.es\/wp-content\/plugins\/eligemenu-integration\/assets\/images\/allergens\/eggs.svg');\"\n                    ><\/span>\n                                    <span \n                        class=\"em-allergen-icon\"\n                        title=\"Di\u00f3xido de azufre y sulfitos\"\n                        aria-label=\"Di\u00f3xido de azufre y sulfitos\"\n                        style=\"-webkit-mask-image: url('https:\/\/eldediezdelagorda.es\/wp-content\/plugins\/eligemenu-integration\/assets\/images\/allergens\/sulfites.svg'); mask-image: url('https:\/\/eldediezdelagorda.es\/wp-content\/plugins\/eligemenu-integration\/assets\/images\/allergens\/sulfites.svg');\"\n                    ><\/span>\n                            <\/div>\n            <\/div>\n<\/article>\n<\/div><div class=\"em-dishlist-item\">\n<article class=\"em-dish\">\n    <!-- Columna 1: Imagen (oculta si show_image = false) -->\n    <div class=\"em-dish__image\">\n                    <img decoding=\"async\" \n                src=\"https:\/\/jcfiarsoqvczjavikgoh.supabase.co\/storage\/v1\/object\/public\/restaurant-images\/dish-images\/1762261650874-gouyorjiip9.jpg\" \n                alt=\"Ensaladilla rusa DeDiez \"\n                loading=\"lazy\"\n            \/>\n            <\/div>\n    \n    <!-- Columna 2: Contenido (header, descripci\u00f3n, al\u00e9rgenos) -->\n    <div class=\"em-dish__content\">\n        <!-- Fila 1: Header (t\u00edtulo + badge + leader + precios) -->\n        <div class=\"em-dish__header em-dish__header--with-leader\">\n            <span class=\"em-dish__title-block\">\n                                \n                <span class=\"em-dish__title\">Ensaladilla rusa DeDiez <\/span>\n                \n                            <\/span>\n            \n                            <span class=\"em-dish__leader\"><\/span>\n                        \n                <span class=\"em-dish__prices\">\n                    <span class=\"em-dish__price--p2\">\n                                                    8,00\u20ac                                            <\/span>\n                    \n                                            <span class=\"em-dish__price--sep\"> \/ <\/span>\n                                        \n                    <span class=\"em-dish__price--p1\">\n                                                    14,00\u20ac                                            <\/span>\n                <\/span>\n                    <\/div>\n        \n        <!-- Fila 2: Descripci\u00f3n (solo si existe Y est\u00e1 habilitada) -->\n                    <p class=\"em-dish__desc\">Con langostinos plancha, lomos de at\u00fan y piparra)<\/p>\n                \n        <!-- Fila 3: Al\u00e9rgenos (solo si existen Y est\u00e1n habilitados) -->\n                    <div class=\"em-dish__allergens\">\n                                    <span \n                        class=\"em-allergen-icon\"\n                        title=\"Moluscos\"\n                        aria-label=\"Moluscos\"\n                        style=\"-webkit-mask-image: url('https:\/\/eldediezdelagorda.es\/wp-content\/plugins\/eligemenu-integration\/assets\/images\/allergens\/mollusks.svg'); mask-image: url('https:\/\/eldediezdelagorda.es\/wp-content\/plugins\/eligemenu-integration\/assets\/images\/allergens\/mollusks.svg');\"\n                    ><\/span>\n                                    <span \n                        class=\"em-allergen-icon\"\n                        title=\"Huevos\"\n                        aria-label=\"Huevos\"\n                        style=\"-webkit-mask-image: url('https:\/\/eldediezdelagorda.es\/wp-content\/plugins\/eligemenu-integration\/assets\/images\/allergens\/eggs.svg'); mask-image: url('https:\/\/eldediezdelagorda.es\/wp-content\/plugins\/eligemenu-integration\/assets\/images\/allergens\/eggs.svg');\"\n                    ><\/span>\n                                    <span \n                        class=\"em-allergen-icon\"\n                        title=\"Di\u00f3xido de azufre y sulfitos\"\n                        aria-label=\"Di\u00f3xido de azufre y sulfitos\"\n                        style=\"-webkit-mask-image: url('https:\/\/eldediezdelagorda.es\/wp-content\/plugins\/eligemenu-integration\/assets\/images\/allergens\/sulfites.svg'); mask-image: url('https:\/\/eldediezdelagorda.es\/wp-content\/plugins\/eligemenu-integration\/assets\/images\/allergens\/sulfites.svg');\"\n                    ><\/span>\n                                    <span \n                        class=\"em-allergen-icon\"\n                        title=\"Pescado\"\n                        aria-label=\"Pescado\"\n                        style=\"-webkit-mask-image: url('https:\/\/eldediezdelagorda.es\/wp-content\/plugins\/eligemenu-integration\/assets\/images\/allergens\/fish.svg'); mask-image: url('https:\/\/eldediezdelagorda.es\/wp-content\/plugins\/eligemenu-integration\/assets\/images\/allergens\/fish.svg');\"\n                    ><\/span>\n                            <\/div>\n            <\/div>\n<\/article>\n<\/div><div class=\"em-dishlist-item\">\n<article class=\"em-dish\">\n    <!-- Columna 1: Imagen (oculta si show_image = false) -->\n    <div class=\"em-dish__image\">\n                    <img decoding=\"async\" \n                src=\"https:\/\/jcfiarsoqvczjavikgoh.supabase.co\/storage\/v1\/object\/public\/restaurant-images\/dish-images\/1762261711492-lw4vmycwdwj.jpg\" \n                alt=\"Tacos al pastor\"\n                loading=\"lazy\"\n            \/>\n            <\/div>\n    \n    <!-- Columna 2: Contenido (header, descripci\u00f3n, al\u00e9rgenos) -->\n    <div class=\"em-dish__content\">\n        <!-- Fila 1: Header (t\u00edtulo + badge + leader + precios) -->\n        <div class=\"em-dish__header em-dish__header--with-leader\">\n            <span class=\"em-dish__title-block\">\n                                \n                <span class=\"em-dish__title\">Tacos al pastor<\/span>\n                \n                            <\/span>\n            \n                            <span class=\"em-dish__leader\"><\/span>\n                        \n                <span class=\"em-dish__prices\">\n                    <span class=\"em-dish__price--p2\">\n                                            <\/span>\n                    \n                                        \n                    <span class=\"em-dish__price--p1\">\n                                                    14,00\u20ac                                            <\/span>\n                <\/span>\n                    <\/div>\n        \n        <!-- Fila 2: Descripci\u00f3n (solo si existe Y est\u00e1 habilitada) -->\n                    <p class=\"em-dish__desc\">Carne en su jugo, cebolla roja, cilantro y pi\u00f1a<\/p>\n                \n        <!-- Fila 3: Al\u00e9rgenos (solo si existen Y est\u00e1n habilitados) -->\n                    <div class=\"em-dish__allergens\">\n                                    <span \n                        class=\"em-allergen-icon\"\n                        title=\"Di\u00f3xido de azufre y sulfitos\"\n                        aria-label=\"Di\u00f3xido de azufre y sulfitos\"\n                        style=\"-webkit-mask-image: url('https:\/\/eldediezdelagorda.es\/wp-content\/plugins\/eligemenu-integration\/assets\/images\/allergens\/sulfites.svg'); mask-image: url('https:\/\/eldediezdelagorda.es\/wp-content\/plugins\/eligemenu-integration\/assets\/images\/allergens\/sulfites.svg');\"\n                    ><\/span>\n                                    <span \n                        class=\"em-allergen-icon\"\n                        title=\"Gluten\"\n                        aria-label=\"Gluten\"\n                        style=\"-webkit-mask-image: url('https:\/\/eldediezdelagorda.es\/wp-content\/plugins\/eligemenu-integration\/assets\/images\/allergens\/gluten.svg'); mask-image: url('https:\/\/eldediezdelagorda.es\/wp-content\/plugins\/eligemenu-integration\/assets\/images\/allergens\/gluten.svg');\"\n                    ><\/span>\n                            <\/div>\n            <\/div>\n<\/article>\n<\/div><div class=\"em-dishlist-item\">\n<article class=\"em-dish\">\n    <!-- Columna 1: Imagen (oculta si show_image = false) -->\n    <div class=\"em-dish__image\">\n                    <img decoding=\"async\" \n                src=\"https:\/\/jcfiarsoqvczjavikgoh.supabase.co\/storage\/v1\/object\/public\/restaurant-images\/dish-images\/1774957838902-534yr179xfl.png\" \n                alt=\"Crujiente de langostino y albahaca con espuma de alioli\"\n                loading=\"lazy\"\n            \/>\n            <\/div>\n    \n    <!-- Columna 2: Contenido (header, descripci\u00f3n, al\u00e9rgenos) -->\n    <div class=\"em-dish__content\">\n        <!-- Fila 1: Header (t\u00edtulo + badge + leader + precios) -->\n        <div class=\"em-dish__header em-dish__header--with-leader\">\n            <span class=\"em-dish__title-block\">\n                                \n                <span class=\"em-dish__title\">Crujiente de langostino y albahaca con espuma de alioli<\/span>\n                \n                            <\/span>\n            \n                            <span class=\"em-dish__leader\"><\/span>\n                        \n                <span class=\"em-dish__prices\">\n                    <span class=\"em-dish__price--p2\">\n                                            <\/span>\n                    \n                                        \n                    <span class=\"em-dish__price--p1\">\n                                                    15,00\u20ac                                            <\/span>\n                <\/span>\n                    <\/div>\n        \n        <!-- Fila 2: Descripci\u00f3n (solo si existe Y est\u00e1 habilitada) -->\n                \n        <!-- Fila 3: Al\u00e9rgenos (solo si existen Y est\u00e1n habilitados) -->\n                    <div class=\"em-dish__allergens\">\n                                    <span \n                        class=\"em-allergen-icon\"\n                        title=\"Di\u00f3xido de azufre y sulfitos\"\n                        aria-label=\"Di\u00f3xido de azufre y sulfitos\"\n                        style=\"-webkit-mask-image: url('https:\/\/eldediezdelagorda.es\/wp-content\/plugins\/eligemenu-integration\/assets\/images\/allergens\/sulfites.svg'); mask-image: url('https:\/\/eldediezdelagorda.es\/wp-content\/plugins\/eligemenu-integration\/assets\/images\/allergens\/sulfites.svg');\"\n                    ><\/span>\n                                    <span \n                        class=\"em-allergen-icon\"\n                        title=\"L\u00e1cteos\"\n                        aria-label=\"L\u00e1cteos\"\n                        style=\"-webkit-mask-image: url('https:\/\/eldediezdelagorda.es\/wp-content\/plugins\/eligemenu-integration\/assets\/images\/allergens\/dairy.svg'); mask-image: url('https:\/\/eldediezdelagorda.es\/wp-content\/plugins\/eligemenu-integration\/assets\/images\/allergens\/dairy.svg');\"\n                    ><\/span>\n                                    <span \n                        class=\"em-allergen-icon\"\n                        title=\"Frutos secos\"\n                        aria-label=\"Frutos secos\"\n                        style=\"-webkit-mask-image: url('https:\/\/eldediezdelagorda.es\/wp-content\/plugins\/eligemenu-integration\/assets\/images\/allergens\/tree-nuts.svg'); mask-image: url('https:\/\/eldediezdelagorda.es\/wp-content\/plugins\/eligemenu-integration\/assets\/images\/allergens\/tree-nuts.svg');\"\n                    ><\/span>\n                                    <span \n                        class=\"em-allergen-icon\"\n                        title=\"Gluten\"\n                        aria-label=\"Gluten\"\n                        style=\"-webkit-mask-image: url('https:\/\/eldediezdelagorda.es\/wp-content\/plugins\/eligemenu-integration\/assets\/images\/allergens\/gluten.svg'); mask-image: url('https:\/\/eldediezdelagorda.es\/wp-content\/plugins\/eligemenu-integration\/assets\/images\/allergens\/gluten.svg');\"\n                    ><\/span>\n                                    <span \n                        class=\"em-allergen-icon\"\n                        title=\"Cacahuetes\"\n                        aria-label=\"Cacahuetes\"\n                        style=\"-webkit-mask-image: url('https:\/\/eldediezdelagorda.es\/wp-content\/plugins\/eligemenu-integration\/assets\/images\/allergens\/peanuts.svg'); mask-image: url('https:\/\/eldediezdelagorda.es\/wp-content\/plugins\/eligemenu-integration\/assets\/images\/allergens\/peanuts.svg');\"\n                    ><\/span>\n                                    <span \n                        class=\"em-allergen-icon\"\n                        title=\"Pescado\"\n                        aria-label=\"Pescado\"\n                        style=\"-webkit-mask-image: url('https:\/\/eldediezdelagorda.es\/wp-content\/plugins\/eligemenu-integration\/assets\/images\/allergens\/fish.svg'); mask-image: url('https:\/\/eldediezdelagorda.es\/wp-content\/plugins\/eligemenu-integration\/assets\/images\/allergens\/fish.svg');\"\n                    ><\/span>\n                            <\/div>\n            <\/div>\n<\/article>\n<\/div><div class=\"em-dishlist-item\">\n<article class=\"em-dish\">\n    <!-- Columna 1: Imagen (oculta si show_image = false) -->\n    <div class=\"em-dish__image\">\n                    <img decoding=\"async\" \n                src=\"https:\/\/jcfiarsoqvczjavikgoh.supabase.co\/storage\/v1\/object\/public\/restaurant-images\/dish-images\/1762261734547-myjzvcs4xw.jpg\" \n                alt=\"Salteado de setas silvestres con yema de huevo, papada ib\u00e9rica de Maldones y aceite de trufa\"\n                loading=\"lazy\"\n            \/>\n            <\/div>\n    \n    <!-- Columna 2: Contenido (header, descripci\u00f3n, al\u00e9rgenos) -->\n    <div class=\"em-dish__content\">\n        <!-- Fila 1: Header (t\u00edtulo + badge + leader + precios) -->\n        <div class=\"em-dish__header em-dish__header--with-leader\">\n            <span class=\"em-dish__title-block\">\n                                \n                <span class=\"em-dish__title\">Salteado de setas silvestres con yema de huevo, papada ib\u00e9rica de Maldones y aceite de trufa<\/span>\n                \n                            <\/span>\n            \n                            <span class=\"em-dish__leader\"><\/span>\n                        \n                <span class=\"em-dish__prices\">\n                    <span class=\"em-dish__price--p2\">\n                                            <\/span>\n                    \n                                        \n                    <span class=\"em-dish__price--p1\">\n                                                    16,00\u20ac                                            <\/span>\n                <\/span>\n                    <\/div>\n        \n        <!-- Fila 2: Descripci\u00f3n (solo si existe Y est\u00e1 habilitada) -->\n                \n        <!-- Fila 3: Al\u00e9rgenos (solo si existen Y est\u00e1n habilitados) -->\n                    <div class=\"em-dish__allergens\">\n                                    <span \n                        class=\"em-allergen-icon\"\n                        title=\"Huevos\"\n                        aria-label=\"Huevos\"\n                        style=\"-webkit-mask-image: url('https:\/\/eldediezdelagorda.es\/wp-content\/plugins\/eligemenu-integration\/assets\/images\/allergens\/eggs.svg'); mask-image: url('https:\/\/eldediezdelagorda.es\/wp-content\/plugins\/eligemenu-integration\/assets\/images\/allergens\/eggs.svg');\"\n                    ><\/span>\n                                    <span \n                        class=\"em-allergen-icon\"\n                        title=\"Di\u00f3xido de azufre y sulfitos\"\n                        aria-label=\"Di\u00f3xido de azufre y sulfitos\"\n                        style=\"-webkit-mask-image: url('https:\/\/eldediezdelagorda.es\/wp-content\/plugins\/eligemenu-integration\/assets\/images\/allergens\/sulfites.svg'); mask-image: url('https:\/\/eldediezdelagorda.es\/wp-content\/plugins\/eligemenu-integration\/assets\/images\/allergens\/sulfites.svg');\"\n                    ><\/span>\n                            <\/div>\n            <\/div>\n<\/article>\n<\/div><div class=\"em-dishlist-item\">\n<article class=\"em-dish\">\n    <!-- Columna 1: Imagen (oculta si show_image = false) -->\n    <div class=\"em-dish__image\">\n                    <img decoding=\"async\" \n                src=\"https:\/\/jcfiarsoqvczjavikgoh.supabase.co\/storage\/v1\/object\/public\/restaurant-images\/dish-images\/1762261723109-dzwdhvqoeti.jpg\" \n                alt=\"Lomos de sardinas ahumadas con guacamole, cacahuete triturado y perlas de AOVE\"\n                loading=\"lazy\"\n            \/>\n            <\/div>\n    \n    <!-- Columna 2: Contenido (header, descripci\u00f3n, al\u00e9rgenos) -->\n    <div class=\"em-dish__content\">\n        <!-- Fila 1: Header (t\u00edtulo + badge + leader + precios) -->\n        <div class=\"em-dish__header em-dish__header--with-leader\">\n            <span class=\"em-dish__title-block\">\n                                \n                <span class=\"em-dish__title\">Lomos de sardinas ahumadas con guacamole, cacahuete triturado y perlas de AOVE<\/span>\n                \n                            <\/span>\n            \n                            <span class=\"em-dish__leader\"><\/span>\n                        \n                <span class=\"em-dish__prices\">\n                    <span class=\"em-dish__price--p2\">\n                                            <\/span>\n                    \n                                        \n                    <span class=\"em-dish__price--p1\">\n                                                    14,00\u20ac                                            <\/span>\n                <\/span>\n                    <\/div>\n        \n        <!-- Fila 2: Descripci\u00f3n (solo si existe Y est\u00e1 habilitada) -->\n                \n        <!-- Fila 3: Al\u00e9rgenos (solo si existen Y est\u00e1n habilitados) -->\n                    <div class=\"em-dish__allergens\">\n                                    <span \n                        class=\"em-allergen-icon\"\n                        title=\"Di\u00f3xido de azufre y sulfitos\"\n                        aria-label=\"Di\u00f3xido de azufre y sulfitos\"\n                        style=\"-webkit-mask-image: url('https:\/\/eldediezdelagorda.es\/wp-content\/plugins\/eligemenu-integration\/assets\/images\/allergens\/sulfites.svg'); mask-image: url('https:\/\/eldediezdelagorda.es\/wp-content\/plugins\/eligemenu-integration\/assets\/images\/allergens\/sulfites.svg');\"\n                    ><\/span>\n                                    <span \n                        class=\"em-allergen-icon\"\n                        title=\"Cacahuetes\"\n                        aria-label=\"Cacahuetes\"\n                        style=\"-webkit-mask-image: url('https:\/\/eldediezdelagorda.es\/wp-content\/plugins\/eligemenu-integration\/assets\/images\/allergens\/peanuts.svg'); mask-image: url('https:\/\/eldediezdelagorda.es\/wp-content\/plugins\/eligemenu-integration\/assets\/images\/allergens\/peanuts.svg');\"\n                    ><\/span>\n                                    <span \n                        class=\"em-allergen-icon\"\n                        title=\"Pescado\"\n                        aria-label=\"Pescado\"\n                        style=\"-webkit-mask-image: url('https:\/\/eldediezdelagorda.es\/wp-content\/plugins\/eligemenu-integration\/assets\/images\/allergens\/fish.svg'); mask-image: url('https:\/\/eldediezdelagorda.es\/wp-content\/plugins\/eligemenu-integration\/assets\/images\/allergens\/fish.svg');\"\n                    ><\/span>\n                            <\/div>\n            <\/div>\n<\/article>\n<\/div><div class=\"em-dishlist-item\">\n<article class=\"em-dish\">\n    <!-- Columna 1: Imagen (oculta si show_image = false) -->\n    <div class=\"em-dish__image\">\n                    <img decoding=\"async\" \n                src=\"https:\/\/jcfiarsoqvczjavikgoh.supabase.co\/storage\/v1\/object\/public\/restaurant-images\/dish-images\/1774958800479-sxhyf3hng4.png\" \n                alt=\"Tabla de embutidos ib\u00e9ricos\"\n                loading=\"lazy\"\n            \/>\n            <\/div>\n    \n    <!-- Columna 2: Contenido (header, descripci\u00f3n, al\u00e9rgenos) -->\n    <div class=\"em-dish__content\">\n        <!-- Fila 1: Header (t\u00edtulo + badge + leader + precios) -->\n        <div class=\"em-dish__header em-dish__header--with-leader\">\n            <span class=\"em-dish__title-block\">\n                                \n                <span class=\"em-dish__title\">Tabla de embutidos ib\u00e9ricos<\/span>\n                \n                            <\/span>\n            \n                            <span class=\"em-dish__leader\"><\/span>\n                        \n                <span class=\"em-dish__prices\">\n                    <span class=\"em-dish__price--p2\">\n                                            <\/span>\n                    \n                                        \n                    <span class=\"em-dish__price--p1\">\n                                                    17,00\u20ac                                            <\/span>\n                <\/span>\n                    <\/div>\n        \n        <!-- Fila 2: Descripci\u00f3n (solo si existe Y est\u00e1 habilitada) -->\n                    <p class=\"em-dish__desc\">Lomo, chorizo, jam\u00f3n y cecina<\/p>\n                \n        <!-- Fila 3: Al\u00e9rgenos (solo si existen Y est\u00e1n habilitados) -->\n                    <div class=\"em-dish__allergens\">\n                                    <span \n                        class=\"em-allergen-icon\"\n                        title=\"Di\u00f3xido de azufre y sulfitos\"\n                        aria-label=\"Di\u00f3xido de azufre y sulfitos\"\n                        style=\"-webkit-mask-image: url('https:\/\/eldediezdelagorda.es\/wp-content\/plugins\/eligemenu-integration\/assets\/images\/allergens\/sulfites.svg'); mask-image: url('https:\/\/eldediezdelagorda.es\/wp-content\/plugins\/eligemenu-integration\/assets\/images\/allergens\/sulfites.svg');\"\n                    ><\/span>\n                            <\/div>\n            <\/div>\n<\/article>\n<\/div><div class=\"em-dishlist-item\">\n<article class=\"em-dish\">\n    <!-- Columna 1: Imagen (oculta si show_image = false) -->\n    <div class=\"em-dish__image\">\n                    <img decoding=\"async\" \n                src=\"https:\/\/jcfiarsoqvczjavikgoh.supabase.co\/storage\/v1\/object\/public\/restaurant-images\/dish-images\/1762261640195-jmsj4mlqtp.jpg\" \n                alt=\"Jam\u00f3n ib\u00e9rico con tostas de pan tumaca\"\n                loading=\"lazy\"\n            \/>\n            <\/div>\n    \n    <!-- Columna 2: Contenido (header, descripci\u00f3n, al\u00e9rgenos) -->\n    <div class=\"em-dish__content\">\n        <!-- Fila 1: Header (t\u00edtulo + badge + leader + precios) -->\n        <div class=\"em-dish__header em-dish__header--with-leader\">\n            <span class=\"em-dish__title-block\">\n                                \n                <span class=\"em-dish__title\">Jam\u00f3n ib\u00e9rico con tostas de pan tumaca<\/span>\n                \n                            <\/span>\n            \n                            <span class=\"em-dish__leader\"><\/span>\n                        \n                <span class=\"em-dish__prices\">\n                    <span class=\"em-dish__price--p2\">\n                                            <\/span>\n                    \n                                        \n                    <span class=\"em-dish__price--p1\">\n                                                    17,00\u20ac                                            <\/span>\n                <\/span>\n                    <\/div>\n        \n        <!-- Fila 2: Descripci\u00f3n (solo si existe Y est\u00e1 habilitada) -->\n                \n        <!-- Fila 3: Al\u00e9rgenos (solo si existen Y est\u00e1n habilitados) -->\n                    <div class=\"em-dish__allergens\">\n                                    <span \n                        class=\"em-allergen-icon\"\n                        title=\"Gluten\"\n                        aria-label=\"Gluten\"\n                        style=\"-webkit-mask-image: url('https:\/\/eldediezdelagorda.es\/wp-content\/plugins\/eligemenu-integration\/assets\/images\/allergens\/gluten.svg'); mask-image: url('https:\/\/eldediezdelagorda.es\/wp-content\/plugins\/eligemenu-integration\/assets\/images\/allergens\/gluten.svg');\"\n                    ><\/span>\n                            <\/div>\n            <\/div>\n<\/article>\n<\/div><\/div>\t\t\t\t<\/div>\n\t\t\t\t<\/div>\n\t\t\t\t\t<\/div>\n\t\t\t\t<\/div>\n\t\t<div class=\"elementor-element elementor-element-af9ef49 e-con-full elementor-hidden-tablet elementor-hidden-mobile e-flex e-con e-child\" data-id=\"af9ef49\" data-element_type=\"container\" data-e-type=\"container\">\n\t\t\t\t<div class=\"elementor-element elementor-element-9231857 elementor-widget elementor-widget-tastyc-image-style-2\" data-id=\"9231857\" data-element_type=\"widget\" data-e-type=\"widget\" data-widget_type=\"tastyc-image-style-2.default\">\n\t\t\t\t<div class=\"elementor-widget-container\">\n\t\t\t\t\t\n\t\t<div class=\"tst-image-s-2\">\n\n\t\t\t<!-- image -->\n\t\t\t\t\t\t\t\t\t<div class=\"image-col img-size-sq\">\n\t\t\t\t<img decoding=\"async\" src=\"https:\/\/eldediezdelagorda.es\/wp-content\/uploads\/2025\/11\/de-picar.jpg\" alt=\"\">\n\t\t\t<\/div>\n\t\t\t\t\t\t\n\t\t\t\n\t\t<\/div>\n\n\t\t\t\t\t\t<\/div>\n\t\t\t\t<\/div>\n\t\t\t\t<\/div>\n\t\t\t\t<\/div>\n\t\t<div class=\"elementor-element elementor-element-72cfac1 e-con-full e-flex e-con e-child\" data-id=\"72cfac1\" data-element_type=\"container\" data-e-type=\"container\" data-settings=\"{&quot;background_background&quot;:&quot;classic&quot;}\">\n\t\t<div class=\"elementor-element elementor-element-321bf4b e-flex e-con-boxed e-con e-child\" data-id=\"321bf4b\" data-element_type=\"container\" data-e-type=\"container\">\n\t\t\t\t\t<div class=\"e-con-inner\">\n\t\t\t\t<div class=\"elementor-element elementor-element-7b3f527 elementor-widget elementor-widget-heading\" data-id=\"7b3f527\" data-element_type=\"widget\" data-e-type=\"widget\" data-widget_type=\"heading.default\">\n\t\t\t\t\t<h2 class=\"elementor-heading-title elementor-size-default\">Rinc\u00f3n <span style=\"color:#d39738\">Italiano<\/span><\/h2>\t\t\t\t<\/div>\n\t\t\t\t<div class=\"elementor-element elementor-element-9247b1b elementor-widget elementor-widget-em_dish_list_item\" data-id=\"9247b1b\" data-element_type=\"widget\" data-e-type=\"widget\" data-widget_type=\"em_dish_list_item.default\">\n\t\t\t\t<div class=\"elementor-widget-container\">\n\t\t\t\t\t<div class=\"em-dishlist-wrapper\" data-columns=\"1\"><div class=\"em-dishlist-item\">\n<article class=\"em-dish\">\n    <!-- Columna 1: Imagen (oculta si show_image = false) -->\n    <div class=\"em-dish__image\">\n                    <img decoding=\"async\" \n                src=\"https:\/\/jcfiarsoqvczjavikgoh.supabase.co\/storage\/v1\/object\/public\/restaurant-images\/dish-images\/1762261775220-riwfbfx7gs.jpg\" \n                alt=\"Pizza de cecina, setas, mozarella y queso de cabra\"\n                loading=\"lazy\"\n            \/>\n            <\/div>\n    \n    <!-- Columna 2: Contenido (header, descripci\u00f3n, al\u00e9rgenos) -->\n    <div class=\"em-dish__content\">\n        <!-- Fila 1: Header (t\u00edtulo + badge + leader + precios) -->\n        <div class=\"em-dish__header em-dish__header--with-leader\">\n            <span class=\"em-dish__title-block\">\n                                \n                <span class=\"em-dish__title\">Pizza de cecina, setas, mozarella y queso de cabra<\/span>\n                \n                            <\/span>\n            \n                            <span class=\"em-dish__leader\"><\/span>\n                        \n                <span class=\"em-dish__prices\">\n                    <span class=\"em-dish__price--p2\">\n                                            <\/span>\n                    \n                                        \n                    <span class=\"em-dish__price--p1\">\n                                                    13,00\u20ac                                            <\/span>\n                <\/span>\n                    <\/div>\n        \n        <!-- Fila 2: Descripci\u00f3n (solo si existe Y est\u00e1 habilitada) -->\n                \n        <!-- Fila 3: Al\u00e9rgenos (solo si existen Y est\u00e1n habilitados) -->\n                    <div class=\"em-dish__allergens\">\n                                    <span \n                        class=\"em-allergen-icon\"\n                        title=\"Di\u00f3xido de azufre y sulfitos\"\n                        aria-label=\"Di\u00f3xido de azufre y sulfitos\"\n                        style=\"-webkit-mask-image: url('https:\/\/eldediezdelagorda.es\/wp-content\/plugins\/eligemenu-integration\/assets\/images\/allergens\/sulfites.svg'); mask-image: url('https:\/\/eldediezdelagorda.es\/wp-content\/plugins\/eligemenu-integration\/assets\/images\/allergens\/sulfites.svg');\"\n                    ><\/span>\n                                    <span \n                        class=\"em-allergen-icon\"\n                        title=\"L\u00e1cteos\"\n                        aria-label=\"L\u00e1cteos\"\n                        style=\"-webkit-mask-image: url('https:\/\/eldediezdelagorda.es\/wp-content\/plugins\/eligemenu-integration\/assets\/images\/allergens\/dairy.svg'); mask-image: url('https:\/\/eldediezdelagorda.es\/wp-content\/plugins\/eligemenu-integration\/assets\/images\/allergens\/dairy.svg');\"\n                    ><\/span>\n                                    <span \n                        class=\"em-allergen-icon\"\n                        title=\"Gluten\"\n                        aria-label=\"Gluten\"\n                        style=\"-webkit-mask-image: url('https:\/\/eldediezdelagorda.es\/wp-content\/plugins\/eligemenu-integration\/assets\/images\/allergens\/gluten.svg'); mask-image: url('https:\/\/eldediezdelagorda.es\/wp-content\/plugins\/eligemenu-integration\/assets\/images\/allergens\/gluten.svg');\"\n                    ><\/span>\n                            <\/div>\n            <\/div>\n<\/article>\n<\/div><div class=\"em-dishlist-item\">\n<article class=\"em-dish\">\n    <!-- Columna 1: Imagen (oculta si show_image = false) -->\n    <div class=\"em-dish__image\">\n                    <img decoding=\"async\" \n                src=\"https:\/\/jcfiarsoqvczjavikgoh.supabase.co\/storage\/v1\/object\/public\/restaurant-images\/dish-images\/1762261784349-vjcp3d71m0n.jpg\" \n                alt=\"Pizza al pesto con tomate natural, queso al pesto, mozzarella y albahaca\"\n                loading=\"lazy\"\n            \/>\n            <\/div>\n    \n    <!-- Columna 2: Contenido (header, descripci\u00f3n, al\u00e9rgenos) -->\n    <div class=\"em-dish__content\">\n        <!-- Fila 1: Header (t\u00edtulo + badge + leader + precios) -->\n        <div class=\"em-dish__header em-dish__header--with-leader\">\n            <span class=\"em-dish__title-block\">\n                                \n                <span class=\"em-dish__title\">Pizza al pesto con tomate natural, queso al pesto, mozzarella y albahaca<\/span>\n                \n                            <\/span>\n            \n                            <span class=\"em-dish__leader\"><\/span>\n                        \n                <span class=\"em-dish__prices\">\n                    <span class=\"em-dish__price--p2\">\n                                            <\/span>\n                    \n                                        \n                    <span class=\"em-dish__price--p1\">\n                                                    13,00\u20ac                                            <\/span>\n                <\/span>\n                    <\/div>\n        \n        <!-- Fila 2: Descripci\u00f3n (solo si existe Y est\u00e1 habilitada) -->\n                \n        <!-- Fila 3: Al\u00e9rgenos (solo si existen Y est\u00e1n habilitados) -->\n                    <div class=\"em-dish__allergens\">\n                                    <span \n                        class=\"em-allergen-icon\"\n                        title=\"Di\u00f3xido de azufre y sulfitos\"\n                        aria-label=\"Di\u00f3xido de azufre y sulfitos\"\n                        style=\"-webkit-mask-image: url('https:\/\/eldediezdelagorda.es\/wp-content\/plugins\/eligemenu-integration\/assets\/images\/allergens\/sulfites.svg'); mask-image: url('https:\/\/eldediezdelagorda.es\/wp-content\/plugins\/eligemenu-integration\/assets\/images\/allergens\/sulfites.svg');\"\n                    ><\/span>\n                                    <span \n                        class=\"em-allergen-icon\"\n                        title=\"L\u00e1cteos\"\n                        aria-label=\"L\u00e1cteos\"\n                        style=\"-webkit-mask-image: url('https:\/\/eldediezdelagorda.es\/wp-content\/plugins\/eligemenu-integration\/assets\/images\/allergens\/dairy.svg'); mask-image: url('https:\/\/eldediezdelagorda.es\/wp-content\/plugins\/eligemenu-integration\/assets\/images\/allergens\/dairy.svg');\"\n                    ><\/span>\n                                    <span \n                        class=\"em-allergen-icon\"\n                        title=\"Gluten\"\n                        aria-label=\"Gluten\"\n                        style=\"-webkit-mask-image: url('https:\/\/eldediezdelagorda.es\/wp-content\/plugins\/eligemenu-integration\/assets\/images\/allergens\/gluten.svg'); mask-image: url('https:\/\/eldediezdelagorda.es\/wp-content\/plugins\/eligemenu-integration\/assets\/images\/allergens\/gluten.svg');\"\n                    ><\/span>\n                            <\/div>\n            <\/div>\n<\/article>\n<\/div><div class=\"em-dishlist-item\">\n<article class=\"em-dish\">\n    <!-- Columna 1: Imagen (oculta si show_image = false) -->\n    <div class=\"em-dish__image\">\n                    <img decoding=\"async\" \n                src=\"https:\/\/jcfiarsoqvczjavikgoh.supabase.co\/storage\/v1\/object\/public\/restaurant-images\/dish-images\/1762261758307-prhwby33fc.jpg\" \n                alt=\"Pizza de setas silvestres y gambas\"\n                loading=\"lazy\"\n            \/>\n            <\/div>\n    \n    <!-- Columna 2: Contenido (header, descripci\u00f3n, al\u00e9rgenos) -->\n    <div class=\"em-dish__content\">\n        <!-- Fila 1: Header (t\u00edtulo + badge + leader + precios) -->\n        <div class=\"em-dish__header em-dish__header--with-leader\">\n            <span class=\"em-dish__title-block\">\n                                \n                <span class=\"em-dish__title\">Pizza de setas silvestres y gambas<\/span>\n                \n                            <\/span>\n            \n                            <span class=\"em-dish__leader\"><\/span>\n                        \n                <span class=\"em-dish__prices\">\n                    <span class=\"em-dish__price--p2\">\n                                            <\/span>\n                    \n                                        \n                    <span class=\"em-dish__price--p1\">\n                                                    13,00\u20ac                                            <\/span>\n                <\/span>\n                    <\/div>\n        \n        <!-- Fila 2: Descripci\u00f3n (solo si existe Y est\u00e1 habilitada) -->\n                \n        <!-- Fila 3: Al\u00e9rgenos (solo si existen Y est\u00e1n habilitados) -->\n                    <div class=\"em-dish__allergens\">\n                                    <span \n                        class=\"em-allergen-icon\"\n                        title=\"Crust\u00e1ceos\"\n                        aria-label=\"Crust\u00e1ceos\"\n                        style=\"-webkit-mask-image: url('https:\/\/eldediezdelagorda.es\/wp-content\/plugins\/eligemenu-integration\/assets\/images\/allergens\/crustaceans.svg'); mask-image: url('https:\/\/eldediezdelagorda.es\/wp-content\/plugins\/eligemenu-integration\/assets\/images\/allergens\/crustaceans.svg');\"\n                    ><\/span>\n                                    <span \n                        class=\"em-allergen-icon\"\n                        title=\"Di\u00f3xido de azufre y sulfitos\"\n                        aria-label=\"Di\u00f3xido de azufre y sulfitos\"\n                        style=\"-webkit-mask-image: url('https:\/\/eldediezdelagorda.es\/wp-content\/plugins\/eligemenu-integration\/assets\/images\/allergens\/sulfites.svg'); mask-image: url('https:\/\/eldediezdelagorda.es\/wp-content\/plugins\/eligemenu-integration\/assets\/images\/allergens\/sulfites.svg');\"\n                    ><\/span>\n                                    <span \n                        class=\"em-allergen-icon\"\n                        title=\"L\u00e1cteos\"\n                        aria-label=\"L\u00e1cteos\"\n                        style=\"-webkit-mask-image: url('https:\/\/eldediezdelagorda.es\/wp-content\/plugins\/eligemenu-integration\/assets\/images\/allergens\/dairy.svg'); mask-image: url('https:\/\/eldediezdelagorda.es\/wp-content\/plugins\/eligemenu-integration\/assets\/images\/allergens\/dairy.svg');\"\n                    ><\/span>\n                                    <span \n                        class=\"em-allergen-icon\"\n                        title=\"Gluten\"\n                        aria-label=\"Gluten\"\n                        style=\"-webkit-mask-image: url('https:\/\/eldediezdelagorda.es\/wp-content\/plugins\/eligemenu-integration\/assets\/images\/allergens\/gluten.svg'); mask-image: url('https:\/\/eldediezdelagorda.es\/wp-content\/plugins\/eligemenu-integration\/assets\/images\/allergens\/gluten.svg');\"\n                    ><\/span>\n                            <\/div>\n            <\/div>\n<\/article>\n<\/div><div class=\"em-dishlist-item\">\n<article class=\"em-dish\">\n    <!-- Columna 1: Imagen (oculta si show_image = false) -->\n    <div class=\"em-dish__image\">\n                    <img decoding=\"async\" \n                src=\"https:\/\/jcfiarsoqvczjavikgoh.supabase.co\/storage\/v1\/object\/public\/restaurant-images\/dish-images\/1762261795534-v4fccvnsig.jpg\" \n                alt=\"Pizza caprichosa con tomate seco, jam\u00f3n, queso y champi\u00f1ones\"\n                loading=\"lazy\"\n            \/>\n            <\/div>\n    \n    <!-- Columna 2: Contenido (header, descripci\u00f3n, al\u00e9rgenos) -->\n    <div class=\"em-dish__content\">\n        <!-- Fila 1: Header (t\u00edtulo + badge + leader + precios) -->\n        <div class=\"em-dish__header em-dish__header--with-leader\">\n            <span class=\"em-dish__title-block\">\n                                \n                <span class=\"em-dish__title\">Pizza caprichosa con tomate seco, jam\u00f3n, queso y champi\u00f1ones<\/span>\n                \n                            <\/span>\n            \n                            <span class=\"em-dish__leader\"><\/span>\n                        \n                <span class=\"em-dish__prices\">\n                    <span class=\"em-dish__price--p2\">\n                                            <\/span>\n                    \n                                        \n                    <span class=\"em-dish__price--p1\">\n                                                    13,00\u20ac                                            <\/span>\n                <\/span>\n                    <\/div>\n        \n        <!-- Fila 2: Descripci\u00f3n (solo si existe Y est\u00e1 habilitada) -->\n                \n        <!-- Fila 3: Al\u00e9rgenos (solo si existen Y est\u00e1n habilitados) -->\n                    <div class=\"em-dish__allergens\">\n                                    <span \n                        class=\"em-allergen-icon\"\n                        title=\"Di\u00f3xido de azufre y sulfitos\"\n                        aria-label=\"Di\u00f3xido de azufre y sulfitos\"\n                        style=\"-webkit-mask-image: url('https:\/\/eldediezdelagorda.es\/wp-content\/plugins\/eligemenu-integration\/assets\/images\/allergens\/sulfites.svg'); mask-image: url('https:\/\/eldediezdelagorda.es\/wp-content\/plugins\/eligemenu-integration\/assets\/images\/allergens\/sulfites.svg');\"\n                    ><\/span>\n                                    <span \n                        class=\"em-allergen-icon\"\n                        title=\"L\u00e1cteos\"\n                        aria-label=\"L\u00e1cteos\"\n                        style=\"-webkit-mask-image: url('https:\/\/eldediezdelagorda.es\/wp-content\/plugins\/eligemenu-integration\/assets\/images\/allergens\/dairy.svg'); mask-image: url('https:\/\/eldediezdelagorda.es\/wp-content\/plugins\/eligemenu-integration\/assets\/images\/allergens\/dairy.svg');\"\n                    ><\/span>\n                                    <span \n                        class=\"em-allergen-icon\"\n                        title=\"Gluten\"\n                        aria-label=\"Gluten\"\n                        style=\"-webkit-mask-image: url('https:\/\/eldediezdelagorda.es\/wp-content\/plugins\/eligemenu-integration\/assets\/images\/allergens\/gluten.svg'); mask-image: url('https:\/\/eldediezdelagorda.es\/wp-content\/plugins\/eligemenu-integration\/assets\/images\/allergens\/gluten.svg');\"\n                    ><\/span>\n                            <\/div>\n            <\/div>\n<\/article>\n<\/div><\/div>\t\t\t\t<\/div>\n\t\t\t\t<\/div>\n\t\t\t\t\t<\/div>\n\t\t\t\t<\/div>\n\t\t<div class=\"elementor-element elementor-element-c41dae5 e-con-full elementor-hidden-tablet elementor-hidden-mobile e-flex e-con e-child\" data-id=\"c41dae5\" data-element_type=\"container\" data-e-type=\"container\">\n\t\t\t\t<div class=\"elementor-element elementor-element-b630f7c elementor-widget elementor-widget-tastyc-image-style-2\" data-id=\"b630f7c\" data-element_type=\"widget\" data-e-type=\"widget\" data-widget_type=\"tastyc-image-style-2.default\">\n\t\t\t\t<div class=\"elementor-widget-container\">\n\t\t\t\t\t\n\t\t<div class=\"tst-image-s-2\">\n\n\t\t\t<!-- image -->\n\t\t\t\t\t\t\t\t\t<div class=\"image-col img-size-sq\">\n\t\t\t\t<img decoding=\"async\" src=\"https:\/\/eldediezdelagorda.es\/wp-content\/uploads\/2025\/11\/rincon-italiano.jpg\" alt=\"\">\n\t\t\t<\/div>\n\t\t\t\t\t\t\n\t\t\t\n\t\t<\/div>\n\n\t\t\t\t\t\t<\/div>\n\t\t\t\t<\/div>\n\t\t\t\t<\/div>\n\t\t\t\t<\/div>\n\t\t<div class=\"elementor-element elementor-element-341137c e-con-full e-flex e-con e-child\" data-id=\"341137c\" data-element_type=\"container\" data-e-type=\"container\" data-settings=\"{&quot;background_background&quot;:&quot;classic&quot;}\">\n\t\t<div class=\"elementor-element elementor-element-b0dd41c e-flex e-con-boxed e-con e-child\" data-id=\"b0dd41c\" data-element_type=\"container\" data-e-type=\"container\">\n\t\t\t\t\t<div class=\"e-con-inner\">\n\t\t\t\t<div class=\"elementor-element elementor-element-c0193a8 elementor-widget elementor-widget-heading\" data-id=\"c0193a8\" data-element_type=\"widget\" data-e-type=\"widget\" data-widget_type=\"heading.default\">\n\t\t\t\t\t<h2 class=\"elementor-heading-title elementor-size-default\">Rinc\u00f3n <span style=\"color:#d39738\">De <\/span>la mar<\/h2>\t\t\t\t<\/div>\n\t\t\t\t<div class=\"elementor-element elementor-element-62d3de2 elementor-widget elementor-widget-em_dish_list_item\" data-id=\"62d3de2\" data-element_type=\"widget\" data-e-type=\"widget\" data-widget_type=\"em_dish_list_item.default\">\n\t\t\t\t<div class=\"elementor-widget-container\">\n\t\t\t\t\t<div class=\"em-dishlist-wrapper\" data-columns=\"1\"><div class=\"em-dishlist-item\">\n<article class=\"em-dish\">\n    <!-- Columna 1: Imagen (oculta si show_image = false) -->\n    <div class=\"em-dish__image\">\n                    <img decoding=\"async\" \n                src=\"https:\/\/jcfiarsoqvczjavikgoh.supabase.co\/storage\/v1\/object\/public\/restaurant-images\/dish-images\/1762270976133-mw36idmnxpj.jpg\" \n                alt=\"Chipirones encebollados con base de patatas panadera\"\n                loading=\"lazy\"\n            \/>\n            <\/div>\n    \n    <!-- Columna 2: Contenido (header, descripci\u00f3n, al\u00e9rgenos) -->\n    <div class=\"em-dish__content\">\n        <!-- Fila 1: Header (t\u00edtulo + badge + leader + precios) -->\n        <div class=\"em-dish__header em-dish__header--with-leader\">\n            <span class=\"em-dish__title-block\">\n                                \n                <span class=\"em-dish__title\">Chipirones encebollados con base de patatas panadera<\/span>\n                \n                            <\/span>\n            \n                            <span class=\"em-dish__leader\"><\/span>\n                        \n                <span class=\"em-dish__prices\">\n                    <span class=\"em-dish__price--p2\">\n                                            <\/span>\n                    \n                                        \n                    <span class=\"em-dish__price--p1\">\n                                                    15,00\u20ac                                            <\/span>\n                <\/span>\n                    <\/div>\n        \n        <!-- Fila 2: Descripci\u00f3n (solo si existe Y est\u00e1 habilitada) -->\n                \n        <!-- Fila 3: Al\u00e9rgenos (solo si existen Y est\u00e1n habilitados) -->\n                    <div class=\"em-dish__allergens\">\n                                    <span \n                        class=\"em-allergen-icon\"\n                        title=\"Moluscos\"\n                        aria-label=\"Moluscos\"\n                        style=\"-webkit-mask-image: url('https:\/\/eldediezdelagorda.es\/wp-content\/plugins\/eligemenu-integration\/assets\/images\/allergens\/mollusks.svg'); mask-image: url('https:\/\/eldediezdelagorda.es\/wp-content\/plugins\/eligemenu-integration\/assets\/images\/allergens\/mollusks.svg');\"\n                    ><\/span>\n                                    <span \n                        class=\"em-allergen-icon\"\n                        title=\"Di\u00f3xido de azufre y sulfitos\"\n                        aria-label=\"Di\u00f3xido de azufre y sulfitos\"\n                        style=\"-webkit-mask-image: url('https:\/\/eldediezdelagorda.es\/wp-content\/plugins\/eligemenu-integration\/assets\/images\/allergens\/sulfites.svg'); mask-image: url('https:\/\/eldediezdelagorda.es\/wp-content\/plugins\/eligemenu-integration\/assets\/images\/allergens\/sulfites.svg');\"\n                    ><\/span>\n                            <\/div>\n            <\/div>\n<\/article>\n<\/div><div class=\"em-dishlist-item\">\n<article class=\"em-dish\">\n    <!-- Columna 1: Imagen (oculta si show_image = false) -->\n    <div class=\"em-dish__image\">\n                    <img decoding=\"async\" \n                src=\"https:\/\/jcfiarsoqvczjavikgoh.supabase.co\/storage\/v1\/object\/public\/restaurant-images\/dish-images\/1762278924225-ai8rmc96rys.jpg\" \n                alt=\"Rabas de calamar fresco\"\n                loading=\"lazy\"\n            \/>\n            <\/div>\n    \n    <!-- Columna 2: Contenido (header, descripci\u00f3n, al\u00e9rgenos) -->\n    <div class=\"em-dish__content\">\n        <!-- Fila 1: Header (t\u00edtulo + badge + leader + precios) -->\n        <div class=\"em-dish__header em-dish__header--with-leader\">\n            <span class=\"em-dish__title-block\">\n                                \n                <span class=\"em-dish__title\">Rabas de calamar fresco<\/span>\n                \n                            <\/span>\n            \n                            <span class=\"em-dish__leader\"><\/span>\n                        \n                <span class=\"em-dish__prices\">\n                    <span class=\"em-dish__price--p2\">\n                                            <\/span>\n                    \n                                        \n                    <span class=\"em-dish__price--p1\">\n                                                    17,00\u20ac                                            <\/span>\n                <\/span>\n                    <\/div>\n        \n        <!-- Fila 2: Descripci\u00f3n (solo si existe Y est\u00e1 habilitada) -->\n                \n        <!-- Fila 3: Al\u00e9rgenos (solo si existen Y est\u00e1n habilitados) -->\n                    <div class=\"em-dish__allergens\">\n                                    <span \n                        class=\"em-allergen-icon\"\n                        title=\"Moluscos\"\n                        aria-label=\"Moluscos\"\n                        style=\"-webkit-mask-image: url('https:\/\/eldediezdelagorda.es\/wp-content\/plugins\/eligemenu-integration\/assets\/images\/allergens\/mollusks.svg'); mask-image: url('https:\/\/eldediezdelagorda.es\/wp-content\/plugins\/eligemenu-integration\/assets\/images\/allergens\/mollusks.svg');\"\n                    ><\/span>\n                                    <span \n                        class=\"em-allergen-icon\"\n                        title=\"Di\u00f3xido de azufre y sulfitos\"\n                        aria-label=\"Di\u00f3xido de azufre y sulfitos\"\n                        style=\"-webkit-mask-image: url('https:\/\/eldediezdelagorda.es\/wp-content\/plugins\/eligemenu-integration\/assets\/images\/allergens\/sulfites.svg'); mask-image: url('https:\/\/eldediezdelagorda.es\/wp-content\/plugins\/eligemenu-integration\/assets\/images\/allergens\/sulfites.svg');\"\n                    ><\/span>\n                                    <span \n                        class=\"em-allergen-icon\"\n                        title=\"Gluten\"\n                        aria-label=\"Gluten\"\n                        style=\"-webkit-mask-image: url('https:\/\/eldediezdelagorda.es\/wp-content\/plugins\/eligemenu-integration\/assets\/images\/allergens\/gluten.svg'); mask-image: url('https:\/\/eldediezdelagorda.es\/wp-content\/plugins\/eligemenu-integration\/assets\/images\/allergens\/gluten.svg');\"\n                    ><\/span>\n                            <\/div>\n            <\/div>\n<\/article>\n<\/div><div class=\"em-dishlist-item\">\n<article class=\"em-dish\">\n    <!-- Columna 1: Imagen (oculta si show_image = false) -->\n    <div class=\"em-dish__image\">\n                    <img decoding=\"async\" \n                src=\"https:\/\/jcfiarsoqvczjavikgoh.supabase.co\/storage\/v1\/object\/public\/restaurant-images\/dish-images\/1762278896406-6qu19np7evh.jpg\" \n                alt=\"Tartar de at\u00fan rojo de Almadraba con base de guacamole y algas wakame\"\n                loading=\"lazy\"\n            \/>\n            <\/div>\n    \n    <!-- Columna 2: Contenido (header, descripci\u00f3n, al\u00e9rgenos) -->\n    <div class=\"em-dish__content\">\n        <!-- Fila 1: Header (t\u00edtulo + badge + leader + precios) -->\n        <div class=\"em-dish__header em-dish__header--with-leader\">\n            <span class=\"em-dish__title-block\">\n                                \n                <span class=\"em-dish__title\">Tartar de at\u00fan rojo de Almadraba con base de guacamole y algas wakame<\/span>\n                \n                            <\/span>\n            \n                            <span class=\"em-dish__leader\"><\/span>\n                        \n                <span class=\"em-dish__prices\">\n                    <span class=\"em-dish__price--p2\">\n                                            <\/span>\n                    \n                                        \n                    <span class=\"em-dish__price--p1\">\n                                                    18,00\u20ac                                            <\/span>\n                <\/span>\n                    <\/div>\n        \n        <!-- Fila 2: Descripci\u00f3n (solo si existe Y est\u00e1 habilitada) -->\n                \n        <!-- Fila 3: Al\u00e9rgenos (solo si existen Y est\u00e1n habilitados) -->\n                    <div class=\"em-dish__allergens\">\n                                    <span \n                        class=\"em-allergen-icon\"\n                        title=\"Di\u00f3xido de azufre y sulfitos\"\n                        aria-label=\"Di\u00f3xido de azufre y sulfitos\"\n                        style=\"-webkit-mask-image: url('https:\/\/eldediezdelagorda.es\/wp-content\/plugins\/eligemenu-integration\/assets\/images\/allergens\/sulfites.svg'); mask-image: url('https:\/\/eldediezdelagorda.es\/wp-content\/plugins\/eligemenu-integration\/assets\/images\/allergens\/sulfites.svg');\"\n                    ><\/span>\n                                    <span \n                        class=\"em-allergen-icon\"\n                        title=\"Pescado\"\n                        aria-label=\"Pescado\"\n                        style=\"-webkit-mask-image: url('https:\/\/eldediezdelagorda.es\/wp-content\/plugins\/eligemenu-integration\/assets\/images\/allergens\/fish.svg'); mask-image: url('https:\/\/eldediezdelagorda.es\/wp-content\/plugins\/eligemenu-integration\/assets\/images\/allergens\/fish.svg');\"\n                    ><\/span>\n                            <\/div>\n            <\/div>\n<\/article>\n<\/div><div class=\"em-dishlist-item\">\n<article class=\"em-dish\">\n    <!-- Columna 1: Imagen (oculta si show_image = false) -->\n    <div class=\"em-dish__image\">\n                    <img decoding=\"async\" \n                src=\"https:\/\/jcfiarsoqvczjavikgoh.supabase.co\/storage\/v1\/object\/public\/restaurant-images\/dish-images\/1762794347026-ohg5kn4ery.jpg\" \n                alt=\"Tataki de at\u00fan rojo de almadraba con ensalada de algas wakame\"\n                loading=\"lazy\"\n            \/>\n            <\/div>\n    \n    <!-- Columna 2: Contenido (header, descripci\u00f3n, al\u00e9rgenos) -->\n    <div class=\"em-dish__content\">\n        <!-- Fila 1: Header (t\u00edtulo + badge + leader + precios) -->\n        <div class=\"em-dish__header em-dish__header--with-leader\">\n            <span class=\"em-dish__title-block\">\n                                \n                <span class=\"em-dish__title\">Tataki de at\u00fan rojo de almadraba con ensalada de algas wakame<\/span>\n                \n                            <\/span>\n            \n                            <span class=\"em-dish__leader\"><\/span>\n                        \n                <span class=\"em-dish__prices\">\n                    <span class=\"em-dish__price--p2\">\n                                            <\/span>\n                    \n                                        \n                    <span class=\"em-dish__price--p1\">\n                                                    19,00\u20ac                                            <\/span>\n                <\/span>\n                    <\/div>\n        \n        <!-- Fila 2: Descripci\u00f3n (solo si existe Y est\u00e1 habilitada) -->\n                \n        <!-- Fila 3: Al\u00e9rgenos (solo si existen Y est\u00e1n habilitados) -->\n                    <div class=\"em-dish__allergens\">\n                                    <span \n                        class=\"em-allergen-icon\"\n                        title=\"Di\u00f3xido de azufre y sulfitos\"\n                        aria-label=\"Di\u00f3xido de azufre y sulfitos\"\n                        style=\"-webkit-mask-image: url('https:\/\/eldediezdelagorda.es\/wp-content\/plugins\/eligemenu-integration\/assets\/images\/allergens\/sulfites.svg'); mask-image: url('https:\/\/eldediezdelagorda.es\/wp-content\/plugins\/eligemenu-integration\/assets\/images\/allergens\/sulfites.svg');\"\n                    ><\/span>\n                                    <span \n                        class=\"em-allergen-icon\"\n                        title=\"L\u00e1cteos\"\n                        aria-label=\"L\u00e1cteos\"\n                        style=\"-webkit-mask-image: url('https:\/\/eldediezdelagorda.es\/wp-content\/plugins\/eligemenu-integration\/assets\/images\/allergens\/dairy.svg'); mask-image: url('https:\/\/eldediezdelagorda.es\/wp-content\/plugins\/eligemenu-integration\/assets\/images\/allergens\/dairy.svg');\"\n                    ><\/span>\n                                    <span \n                        class=\"em-allergen-icon\"\n                        title=\"Pescado\"\n                        aria-label=\"Pescado\"\n                        style=\"-webkit-mask-image: url('https:\/\/eldediezdelagorda.es\/wp-content\/plugins\/eligemenu-integration\/assets\/images\/allergens\/fish.svg'); mask-image: url('https:\/\/eldediezdelagorda.es\/wp-content\/plugins\/eligemenu-integration\/assets\/images\/allergens\/fish.svg');\"\n                    ><\/span>\n                            <\/div>\n            <\/div>\n<\/article>\n<\/div><\/div>\t\t\t\t<\/div>\n\t\t\t\t<\/div>\n\t\t\t\t\t<\/div>\n\t\t\t\t<\/div>\n\t\t<div class=\"elementor-element elementor-element-5ac929f e-con-full elementor-hidden-tablet elementor-hidden-mobile e-flex e-con e-child\" data-id=\"5ac929f\" data-element_type=\"container\" data-e-type=\"container\">\n\t\t\t\t<div class=\"elementor-element elementor-element-35133c1 elementor-widget elementor-widget-tastyc-image-style-2\" data-id=\"35133c1\" data-element_type=\"widget\" data-e-type=\"widget\" data-widget_type=\"tastyc-image-style-2.default\">\n\t\t\t\t<div class=\"elementor-widget-container\">\n\t\t\t\t\t\n\t\t<div class=\"tst-image-s-2\">\n\n\t\t\t<!-- image -->\n\t\t\t\t\t\t\t\t\t<div class=\"image-col img-size-sq\">\n\t\t\t\t<img decoding=\"async\" src=\"https:\/\/eldediezdelagorda.es\/wp-content\/uploads\/2025\/11\/rincon-de-la-mar.jpg\" alt=\"\">\n\t\t\t<\/div>\n\t\t\t\t\t\t\n\t\t\t\n\t\t<\/div>\n\n\t\t\t\t\t\t<\/div>\n\t\t\t\t<\/div>\n\t\t\t\t<\/div>\n\t\t\t\t<\/div>\n\t\t<div class=\"elementor-element elementor-element-90230b5 e-con-full e-flex e-con e-child\" data-id=\"90230b5\" data-element_type=\"container\" data-e-type=\"container\" data-settings=\"{&quot;background_background&quot;:&quot;classic&quot;}\">\n\t\t<div class=\"elementor-element elementor-element-a2c1a45 e-flex e-con-boxed e-con e-child\" data-id=\"a2c1a45\" data-element_type=\"container\" data-e-type=\"container\">\n\t\t\t\t\t<div class=\"e-con-inner\">\n\t\t\t\t<div class=\"elementor-element elementor-element-27bf562 elementor-widget elementor-widget-heading\" data-id=\"27bf562\" data-element_type=\"widget\" data-e-type=\"widget\" data-widget_type=\"heading.default\">\n\t\t\t\t\t<h2 class=\"elementor-heading-title elementor-size-default\">Rinc\u00f3n <span style=\"color:#d39738\">Asturiano<\/span><\/h2>\t\t\t\t<\/div>\n\t\t\t\t<div class=\"elementor-element elementor-element-9a6f9a3 elementor-widget elementor-widget-em_dish_list_item\" data-id=\"9a6f9a3\" data-element_type=\"widget\" data-e-type=\"widget\" data-widget_type=\"em_dish_list_item.default\">\n\t\t\t\t<div class=\"elementor-widget-container\">\n\t\t\t\t\t<div class=\"em-dishlist-wrapper\" data-columns=\"1\"><div class=\"em-dishlist-item\">\n<article class=\"em-dish\">\n    <!-- Columna 1: Imagen (oculta si show_image = false) -->\n    <div class=\"em-dish__image\">\n                    <img decoding=\"async\" \n                src=\"https:\/\/jcfiarsoqvczjavikgoh.supabase.co\/storage\/v1\/object\/public\/restaurant-images\/dish-images\/1762279041695-7ncnupjj0tl.jpg\" \n                alt=\"Callos con patatinas\"\n                loading=\"lazy\"\n            \/>\n            <\/div>\n    \n    <!-- Columna 2: Contenido (header, descripci\u00f3n, al\u00e9rgenos) -->\n    <div class=\"em-dish__content\">\n        <!-- Fila 1: Header (t\u00edtulo + badge + leader + precios) -->\n        <div class=\"em-dish__header em-dish__header--with-leader\">\n            <span class=\"em-dish__title-block\">\n                                \n                <span class=\"em-dish__title\">Callos con patatinas<\/span>\n                \n                            <\/span>\n            \n                            <span class=\"em-dish__leader\"><\/span>\n                        \n                <span class=\"em-dish__prices\">\n                    <span class=\"em-dish__price--p2\">\n                                            <\/span>\n                    \n                                        \n                    <span class=\"em-dish__price--p1\">\n                                                    13,00\u20ac                                            <\/span>\n                <\/span>\n                    <\/div>\n        \n        <!-- Fila 2: Descripci\u00f3n (solo si existe Y est\u00e1 habilitada) -->\n                \n        <!-- Fila 3: Al\u00e9rgenos (solo si existen Y est\u00e1n habilitados) -->\n                    <div class=\"em-dish__allergens\">\n                                    <span \n                        class=\"em-allergen-icon\"\n                        title=\"Di\u00f3xido de azufre y sulfitos\"\n                        aria-label=\"Di\u00f3xido de azufre y sulfitos\"\n                        style=\"-webkit-mask-image: url('https:\/\/eldediezdelagorda.es\/wp-content\/plugins\/eligemenu-integration\/assets\/images\/allergens\/sulfites.svg'); mask-image: url('https:\/\/eldediezdelagorda.es\/wp-content\/plugins\/eligemenu-integration\/assets\/images\/allergens\/sulfites.svg');\"\n                    ><\/span>\n                                    <span \n                        class=\"em-allergen-icon\"\n                        title=\"Gluten\"\n                        aria-label=\"Gluten\"\n                        style=\"-webkit-mask-image: url('https:\/\/eldediezdelagorda.es\/wp-content\/plugins\/eligemenu-integration\/assets\/images\/allergens\/gluten.svg'); mask-image: url('https:\/\/eldediezdelagorda.es\/wp-content\/plugins\/eligemenu-integration\/assets\/images\/allergens\/gluten.svg');\"\n                    ><\/span>\n                            <\/div>\n            <\/div>\n<\/article>\n<\/div><div class=\"em-dishlist-item\">\n<article class=\"em-dish\">\n    <!-- Columna 1: Imagen (oculta si show_image = false) -->\n    <div class=\"em-dish__image\">\n                    <img decoding=\"async\" \n                src=\"https:\/\/jcfiarsoqvczjavikgoh.supabase.co\/storage\/v1\/object\/public\/restaurant-images\/dish-images\/1762278942528-jp8eae4nm4.jpg\" \n                alt=\"Fabada asturiana con su compango\"\n                loading=\"lazy\"\n            \/>\n            <\/div>\n    \n    <!-- Columna 2: Contenido (header, descripci\u00f3n, al\u00e9rgenos) -->\n    <div class=\"em-dish__content\">\n        <!-- Fila 1: Header (t\u00edtulo + badge + leader + precios) -->\n        <div class=\"em-dish__header em-dish__header--with-leader\">\n            <span class=\"em-dish__title-block\">\n                                \n                <span class=\"em-dish__title\">Fabada asturiana con su compango<\/span>\n                \n                            <\/span>\n            \n                            <span class=\"em-dish__leader\"><\/span>\n                        \n                <span class=\"em-dish__prices\">\n                    <span class=\"em-dish__price--p2\">\n                                            <\/span>\n                    \n                                        \n                    <span class=\"em-dish__price--p1\">\n                                                    14,00\u20ac                                            <\/span>\n                <\/span>\n                    <\/div>\n        \n        <!-- Fila 2: Descripci\u00f3n (solo si existe Y est\u00e1 habilitada) -->\n                \n        <!-- Fila 3: Al\u00e9rgenos (solo si existen Y est\u00e1n habilitados) -->\n                    <div class=\"em-dish__allergens\">\n                                    <span \n                        class=\"em-allergen-icon\"\n                        title=\"Di\u00f3xido de azufre y sulfitos\"\n                        aria-label=\"Di\u00f3xido de azufre y sulfitos\"\n                        style=\"-webkit-mask-image: url('https:\/\/eldediezdelagorda.es\/wp-content\/plugins\/eligemenu-integration\/assets\/images\/allergens\/sulfites.svg'); mask-image: url('https:\/\/eldediezdelagorda.es\/wp-content\/plugins\/eligemenu-integration\/assets\/images\/allergens\/sulfites.svg');\"\n                    ><\/span>\n                            <\/div>\n            <\/div>\n<\/article>\n<\/div><div class=\"em-dishlist-item\">\n<article class=\"em-dish\">\n    <!-- Columna 1: Imagen (oculta si show_image = false) -->\n    <div class=\"em-dish__image\">\n                    <img decoding=\"async\" \n                src=\"https:\/\/jcfiarsoqvczjavikgoh.supabase.co\/storage\/v1\/object\/public\/restaurant-images\/dish-images\/1762279051114-gdweoqc7rvm.jpg\" \n                alt=\"Cebollas rellenas\"\n                loading=\"lazy\"\n            \/>\n            <\/div>\n    \n    <!-- Columna 2: Contenido (header, descripci\u00f3n, al\u00e9rgenos) -->\n    <div class=\"em-dish__content\">\n        <!-- Fila 1: Header (t\u00edtulo + badge + leader + precios) -->\n        <div class=\"em-dish__header em-dish__header--with-leader\">\n            <span class=\"em-dish__title-block\">\n                                \n                <span class=\"em-dish__title\">Cebollas rellenas<\/span>\n                \n                            <\/span>\n            \n                            <span class=\"em-dish__leader\"><\/span>\n                        \n                <span class=\"em-dish__prices\">\n                    <span class=\"em-dish__price--p2\">\n                                            <\/span>\n                    \n                                        \n                    <span class=\"em-dish__price--p1\">\n                                                    14,00\u20ac                                            <\/span>\n                <\/span>\n                    <\/div>\n        \n        <!-- Fila 2: Descripci\u00f3n (solo si existe Y est\u00e1 habilitada) -->\n                \n        <!-- Fila 3: Al\u00e9rgenos (solo si existen Y est\u00e1n habilitados) -->\n                    <div class=\"em-dish__allergens\">\n                                    <span \n                        class=\"em-allergen-icon\"\n                        title=\"Di\u00f3xido de azufre y sulfitos\"\n                        aria-label=\"Di\u00f3xido de azufre y sulfitos\"\n                        style=\"-webkit-mask-image: url('https:\/\/eldediezdelagorda.es\/wp-content\/plugins\/eligemenu-integration\/assets\/images\/allergens\/sulfites.svg'); mask-image: url('https:\/\/eldediezdelagorda.es\/wp-content\/plugins\/eligemenu-integration\/assets\/images\/allergens\/sulfites.svg');\"\n                    ><\/span>\n                            <\/div>\n            <\/div>\n<\/article>\n<\/div><div class=\"em-dishlist-item\">\n<article class=\"em-dish\">\n    <!-- Columna 1: Imagen (oculta si show_image = false) -->\n    <div class=\"em-dish__image\">\n                    <img decoding=\"async\" \n                src=\"https:\/\/jcfiarsoqvczjavikgoh.supabase.co\/storage\/v1\/object\/public\/restaurant-images\/dish-images\/1762793938502-7yxn01pl0q4.jpg\" \n                alt=\"Tortos de ma\u00edz (2 tortos de cada)\"\n                loading=\"lazy\"\n            \/>\n            <\/div>\n    \n    <!-- Columna 2: Contenido (header, descripci\u00f3n, al\u00e9rgenos) -->\n    <div class=\"em-dish__content\">\n        <!-- Fila 1: Header (t\u00edtulo + badge + leader + precios) -->\n        <div class=\"em-dish__header em-dish__header--with-leader\">\n            <span class=\"em-dish__title-block\">\n                                \n                <span class=\"em-dish__title\">Tortos de ma\u00edz (2 tortos de cada)<\/span>\n                \n                            <\/span>\n            \n                            <span class=\"em-dish__leader\"><\/span>\n                        \n                <span class=\"em-dish__prices\">\n                    <span class=\"em-dish__price--p2\">\n                                                    8,50\u20ac                                            <\/span>\n                    \n                                            <span class=\"em-dish__price--sep\"> \/ <\/span>\n                                        \n                    <span class=\"em-dish__price--p1\">\n                                                    15,00\u20ac                                            <\/span>\n                <\/span>\n                    <\/div>\n        \n        <!-- Fila 2: Descripci\u00f3n (solo si existe Y est\u00e1 habilitada) -->\n                    <p class=\"em-dish__desc\">Tortos de ma\u00edz con pisto de verdura casero, huevo y papada ib\u00e9rica Maldonado y tortos de ma\u00edz con morcilla matachana y compota de manzana<\/p>\n                \n        <!-- Fila 3: Al\u00e9rgenos (solo si existen Y est\u00e1n habilitados) -->\n                    <div class=\"em-dish__allergens\">\n                                    <span \n                        class=\"em-allergen-icon\"\n                        title=\"Huevos\"\n                        aria-label=\"Huevos\"\n                        style=\"-webkit-mask-image: url('https:\/\/eldediezdelagorda.es\/wp-content\/plugins\/eligemenu-integration\/assets\/images\/allergens\/eggs.svg'); mask-image: url('https:\/\/eldediezdelagorda.es\/wp-content\/plugins\/eligemenu-integration\/assets\/images\/allergens\/eggs.svg');\"\n                    ><\/span>\n                                    <span \n                        class=\"em-allergen-icon\"\n                        title=\"Di\u00f3xido de azufre y sulfitos\"\n                        aria-label=\"Di\u00f3xido de azufre y sulfitos\"\n                        style=\"-webkit-mask-image: url('https:\/\/eldediezdelagorda.es\/wp-content\/plugins\/eligemenu-integration\/assets\/images\/allergens\/sulfites.svg'); mask-image: url('https:\/\/eldediezdelagorda.es\/wp-content\/plugins\/eligemenu-integration\/assets\/images\/allergens\/sulfites.svg');\"\n                    ><\/span>\n                            <\/div>\n            <\/div>\n<\/article>\n<\/div><div class=\"em-dishlist-item\">\n<article class=\"em-dish\">\n    <!-- Columna 1: Imagen (oculta si show_image = false) -->\n    <div class=\"em-dish__image\">\n                    <img decoding=\"async\" \n                src=\"https:\/\/jcfiarsoqvczjavikgoh.supabase.co\/storage\/v1\/object\/public\/restaurant-images\/dish-images\/1762793840407-v8tbgttsbea.jpg\" \n                alt=\"Escalopines de ternera al cabrales\"\n                loading=\"lazy\"\n            \/>\n            <\/div>\n    \n    <!-- Columna 2: Contenido (header, descripci\u00f3n, al\u00e9rgenos) -->\n    <div class=\"em-dish__content\">\n        <!-- Fila 1: Header (t\u00edtulo + badge + leader + precios) -->\n        <div class=\"em-dish__header em-dish__header--with-leader\">\n            <span class=\"em-dish__title-block\">\n                                \n                <span class=\"em-dish__title\">Escalopines de ternera al cabrales<\/span>\n                \n                            <\/span>\n            \n                            <span class=\"em-dish__leader\"><\/span>\n                        \n                <span class=\"em-dish__prices\">\n                    <span class=\"em-dish__price--p2\">\n                                            <\/span>\n                    \n                                        \n                    <span class=\"em-dish__price--p1\">\n                                                    16,00\u20ac                                            <\/span>\n                <\/span>\n                    <\/div>\n        \n        <!-- Fila 2: Descripci\u00f3n (solo si existe Y est\u00e1 habilitada) -->\n                \n        <!-- Fila 3: Al\u00e9rgenos (solo si existen Y est\u00e1n habilitados) -->\n                    <div class=\"em-dish__allergens\">\n                                    <span \n                        class=\"em-allergen-icon\"\n                        title=\"Huevos\"\n                        aria-label=\"Huevos\"\n                        style=\"-webkit-mask-image: url('https:\/\/eldediezdelagorda.es\/wp-content\/plugins\/eligemenu-integration\/assets\/images\/allergens\/eggs.svg'); mask-image: url('https:\/\/eldediezdelagorda.es\/wp-content\/plugins\/eligemenu-integration\/assets\/images\/allergens\/eggs.svg');\"\n                    ><\/span>\n                                    <span \n                        class=\"em-allergen-icon\"\n                        title=\"Di\u00f3xido de azufre y sulfitos\"\n                        aria-label=\"Di\u00f3xido de azufre y sulfitos\"\n                        style=\"-webkit-mask-image: url('https:\/\/eldediezdelagorda.es\/wp-content\/plugins\/eligemenu-integration\/assets\/images\/allergens\/sulfites.svg'); mask-image: url('https:\/\/eldediezdelagorda.es\/wp-content\/plugins\/eligemenu-integration\/assets\/images\/allergens\/sulfites.svg');\"\n                    ><\/span>\n                                    <span \n                        class=\"em-allergen-icon\"\n                        title=\"L\u00e1cteos\"\n                        aria-label=\"L\u00e1cteos\"\n                        style=\"-webkit-mask-image: url('https:\/\/eldediezdelagorda.es\/wp-content\/plugins\/eligemenu-integration\/assets\/images\/allergens\/dairy.svg'); mask-image: url('https:\/\/eldediezdelagorda.es\/wp-content\/plugins\/eligemenu-integration\/assets\/images\/allergens\/dairy.svg');\"\n                    ><\/span>\n                            <\/div>\n            <\/div>\n<\/article>\n<\/div><div class=\"em-dishlist-item\">\n<article class=\"em-dish\">\n    <!-- Columna 1: Imagen (oculta si show_image = false) -->\n    <div class=\"em-dish__image\">\n                    <img decoding=\"async\" \n                src=\"https:\/\/jcfiarsoqvczjavikgoh.supabase.co\/storage\/v1\/object\/public\/restaurant-images\/dish-images\/1762278956757-pgzi2p6yi7n.jpg\" \n                alt=\"Cachopo DeDiez\"\n                loading=\"lazy\"\n            \/>\n            <\/div>\n    \n    <!-- Columna 2: Contenido (header, descripci\u00f3n, al\u00e9rgenos) -->\n    <div class=\"em-dish__content\">\n        <!-- Fila 1: Header (t\u00edtulo + badge + leader + precios) -->\n        <div class=\"em-dish__header em-dish__header--with-leader\">\n            <span class=\"em-dish__title-block\">\n                                \n                <span class=\"em-dish__title\">Cachopo DeDiez<\/span>\n                \n                            <\/span>\n            \n                            <span class=\"em-dish__leader\"><\/span>\n                        \n                <span class=\"em-dish__prices\">\n                    <span class=\"em-dish__price--p2\">\n                                            <\/span>\n                    \n                                        \n                    <span class=\"em-dish__price--p1\">\n                                                    19,00\u20ac                                            <\/span>\n                <\/span>\n                    <\/div>\n        \n        <!-- Fila 2: Descripci\u00f3n (solo si existe Y est\u00e1 habilitada) -->\n                \n        <!-- Fila 3: Al\u00e9rgenos (solo si existen Y est\u00e1n habilitados) -->\n                    <div class=\"em-dish__allergens\">\n                                    <span \n                        class=\"em-allergen-icon\"\n                        title=\"Huevos\"\n                        aria-label=\"Huevos\"\n                        style=\"-webkit-mask-image: url('https:\/\/eldediezdelagorda.es\/wp-content\/plugins\/eligemenu-integration\/assets\/images\/allergens\/eggs.svg'); mask-image: url('https:\/\/eldediezdelagorda.es\/wp-content\/plugins\/eligemenu-integration\/assets\/images\/allergens\/eggs.svg');\"\n                    ><\/span>\n                                    <span \n                        class=\"em-allergen-icon\"\n                        title=\"Di\u00f3xido de azufre y sulfitos\"\n                        aria-label=\"Di\u00f3xido de azufre y sulfitos\"\n                        style=\"-webkit-mask-image: url('https:\/\/eldediezdelagorda.es\/wp-content\/plugins\/eligemenu-integration\/assets\/images\/allergens\/sulfites.svg'); mask-image: url('https:\/\/eldediezdelagorda.es\/wp-content\/plugins\/eligemenu-integration\/assets\/images\/allergens\/sulfites.svg');\"\n                    ><\/span>\n                                    <span \n                        class=\"em-allergen-icon\"\n                        title=\"L\u00e1cteos\"\n                        aria-label=\"L\u00e1cteos\"\n                        style=\"-webkit-mask-image: url('https:\/\/eldediezdelagorda.es\/wp-content\/plugins\/eligemenu-integration\/assets\/images\/allergens\/dairy.svg'); mask-image: url('https:\/\/eldediezdelagorda.es\/wp-content\/plugins\/eligemenu-integration\/assets\/images\/allergens\/dairy.svg');\"\n                    ><\/span>\n                                    <span \n                        class=\"em-allergen-icon\"\n                        title=\"Gluten\"\n                        aria-label=\"Gluten\"\n                        style=\"-webkit-mask-image: url('https:\/\/eldediezdelagorda.es\/wp-content\/plugins\/eligemenu-integration\/assets\/images\/allergens\/gluten.svg'); mask-image: url('https:\/\/eldediezdelagorda.es\/wp-content\/plugins\/eligemenu-integration\/assets\/images\/allergens\/gluten.svg');\"\n                    ><\/span>\n                            <\/div>\n            <\/div>\n<\/article>\n<\/div><\/div>\t\t\t\t<\/div>\n\t\t\t\t<\/div>\n\t\t\t\t\t<\/div>\n\t\t\t\t<\/div>\n\t\t<div class=\"elementor-element elementor-element-790d9d8 e-con-full elementor-hidden-tablet elementor-hidden-mobile e-flex e-con e-child\" data-id=\"790d9d8\" data-element_type=\"container\" data-e-type=\"container\">\n\t\t\t\t<div class=\"elementor-element elementor-element-fe9a263 elementor-widget elementor-widget-tastyc-image-style-2\" data-id=\"fe9a263\" data-element_type=\"widget\" data-e-type=\"widget\" data-widget_type=\"tastyc-image-style-2.default\">\n\t\t\t\t<div class=\"elementor-widget-container\">\n\t\t\t\t\t\n\t\t<div class=\"tst-image-s-2\">\n\n\t\t\t<!-- image -->\n\t\t\t\t\t\t\t\t\t<div class=\"image-col img-size-sq\">\n\t\t\t\t<img decoding=\"async\" src=\"https:\/\/eldediezdelagorda.es\/wp-content\/uploads\/2025\/11\/rincon-asturiano.jpg\" alt=\"\">\n\t\t\t<\/div>\n\t\t\t\t\t\t\n\t\t\t\n\t\t<\/div>\n\n\t\t\t\t\t\t<\/div>\n\t\t\t\t<\/div>\n\t\t\t\t<\/div>\n\t\t\t\t<\/div>\n\t\t<div class=\"elementor-element elementor-element-00e4588 e-con-full e-flex e-con e-child\" data-id=\"00e4588\" data-element_type=\"container\" data-e-type=\"container\" data-settings=\"{&quot;background_background&quot;:&quot;classic&quot;}\">\n\t\t<div class=\"elementor-element elementor-element-afd9122 e-flex e-con-boxed e-con e-child\" data-id=\"afd9122\" data-element_type=\"container\" data-e-type=\"container\">\n\t\t\t\t\t<div class=\"e-con-inner\">\n\t\t\t\t<div class=\"elementor-element elementor-element-7ee5b1a elementor-widget elementor-widget-heading\" data-id=\"7ee5b1a\" data-element_type=\"widget\" data-e-type=\"widget\" data-widget_type=\"heading.default\">\n\t\t\t\t\t<h2 class=\"elementor-heading-title elementor-size-default\">Rinc\u00f3n <span style=\"color:#d39738\">De<\/span> la chicha<\/h2>\t\t\t\t<\/div>\n\t\t\t\t<div class=\"elementor-element elementor-element-c211f62 elementor-widget elementor-widget-em_dish_list_item\" data-id=\"c211f62\" data-element_type=\"widget\" data-e-type=\"widget\" data-widget_type=\"em_dish_list_item.default\">\n\t\t\t\t<div class=\"elementor-widget-container\">\n\t\t\t\t\t<div class=\"em-dishlist-wrapper\" data-columns=\"1\"><div class=\"em-dishlist-item\">\n<article class=\"em-dish\">\n    <!-- Columna 1: Imagen (oculta si show_image = false) -->\n    <div class=\"em-dish__image\">\n                    <img decoding=\"async\" \n                src=\"https:\/\/jcfiarsoqvczjavikgoh.supabase.co\/storage\/v1\/object\/public\/restaurant-images\/dish-images\/1762857995723-8hg7auaj6hb.jpg\" \n                alt=\"Hambuguesa de Diez \"\n                loading=\"lazy\"\n            \/>\n            <\/div>\n    \n    <!-- Columna 2: Contenido (header, descripci\u00f3n, al\u00e9rgenos) -->\n    <div class=\"em-dish__content\">\n        <!-- Fila 1: Header (t\u00edtulo + badge + leader + precios) -->\n        <div class=\"em-dish__header em-dish__header--with-leader\">\n            <span class=\"em-dish__title-block\">\n                                \n                <span class=\"em-dish__title\">Hambuguesa de Diez <\/span>\n                \n                            <\/span>\n            \n                            <span class=\"em-dish__leader\"><\/span>\n                        \n                <span class=\"em-dish__prices\">\n                    <span class=\"em-dish__price--p2\">\n                                            <\/span>\n                    \n                                        \n                    <span class=\"em-dish__price--p1\">\n                                                    11,50\u20ac                                            <\/span>\n                <\/span>\n                    <\/div>\n        \n        <!-- Fila 2: Descripci\u00f3n (solo si existe Y est\u00e1 habilitada) -->\n                    <p class=\"em-dish__desc\">Pan brioche, carne de buey selecci\u00f3n Trasacar, queso, tomate y cebolla caramelizada<\/p>\n                \n        <!-- Fila 3: Al\u00e9rgenos (solo si existen Y est\u00e1n habilitados) -->\n                    <div class=\"em-dish__allergens\">\n                                    <span \n                        class=\"em-allergen-icon\"\n                        title=\"Di\u00f3xido de azufre y sulfitos\"\n                        aria-label=\"Di\u00f3xido de azufre y sulfitos\"\n                        style=\"-webkit-mask-image: url('https:\/\/eldediezdelagorda.es\/wp-content\/plugins\/eligemenu-integration\/assets\/images\/allergens\/sulfites.svg'); mask-image: url('https:\/\/eldediezdelagorda.es\/wp-content\/plugins\/eligemenu-integration\/assets\/images\/allergens\/sulfites.svg');\"\n                    ><\/span>\n                                    <span \n                        class=\"em-allergen-icon\"\n                        title=\"L\u00e1cteos\"\n                        aria-label=\"L\u00e1cteos\"\n                        style=\"-webkit-mask-image: url('https:\/\/eldediezdelagorda.es\/wp-content\/plugins\/eligemenu-integration\/assets\/images\/allergens\/dairy.svg'); mask-image: url('https:\/\/eldediezdelagorda.es\/wp-content\/plugins\/eligemenu-integration\/assets\/images\/allergens\/dairy.svg');\"\n                    ><\/span>\n                                    <span \n                        class=\"em-allergen-icon\"\n                        title=\"Gluten\"\n                        aria-label=\"Gluten\"\n                        style=\"-webkit-mask-image: url('https:\/\/eldediezdelagorda.es\/wp-content\/plugins\/eligemenu-integration\/assets\/images\/allergens\/gluten.svg'); mask-image: url('https:\/\/eldediezdelagorda.es\/wp-content\/plugins\/eligemenu-integration\/assets\/images\/allergens\/gluten.svg');\"\n                    ><\/span>\n                            <\/div>\n            <\/div>\n<\/article>\n<\/div><div class=\"em-dishlist-item\">\n<article class=\"em-dish\">\n    <!-- Columna 1: Imagen (oculta si show_image = false) -->\n    <div class=\"em-dish__image\">\n                    <img decoding=\"async\" \n                src=\"https:\/\/jcfiarsoqvczjavikgoh.supabase.co\/storage\/v1\/object\/public\/restaurant-images\/dish-images\/1762857949287-e6ap29k40wt.jpg\" \n                alt=\"Hamburguesa Mexicana \"\n                loading=\"lazy\"\n            \/>\n            <\/div>\n    \n    <!-- Columna 2: Contenido (header, descripci\u00f3n, al\u00e9rgenos) -->\n    <div class=\"em-dish__content\">\n        <!-- Fila 1: Header (t\u00edtulo + badge + leader + precios) -->\n        <div class=\"em-dish__header em-dish__header--with-leader\">\n            <span class=\"em-dish__title-block\">\n                                \n                <span class=\"em-dish__title\">Hamburguesa Mexicana <\/span>\n                \n                            <\/span>\n            \n                            <span class=\"em-dish__leader\"><\/span>\n                        \n                <span class=\"em-dish__prices\">\n                    <span class=\"em-dish__price--p2\">\n                                            <\/span>\n                    \n                                        \n                    <span class=\"em-dish__price--p1\">\n                                                    11,50\u20ac                                            <\/span>\n                <\/span>\n                    <\/div>\n        \n        <!-- Fila 2: Descripci\u00f3n (solo si existe Y est\u00e1 habilitada) -->\n                    <p class=\"em-dish__desc\">Pan brioche, carne de buey selecci\u00f3n Trasacar, queso, tomate y cebolla crujiente, guacamole y jalape\u00f1os<\/p>\n                \n        <!-- Fila 3: Al\u00e9rgenos (solo si existen Y est\u00e1n habilitados) -->\n                    <div class=\"em-dish__allergens\">\n                                    <span \n                        class=\"em-allergen-icon\"\n                        title=\"Di\u00f3xido de azufre y sulfitos\"\n                        aria-label=\"Di\u00f3xido de azufre y sulfitos\"\n                        style=\"-webkit-mask-image: url('https:\/\/eldediezdelagorda.es\/wp-content\/plugins\/eligemenu-integration\/assets\/images\/allergens\/sulfites.svg'); mask-image: url('https:\/\/eldediezdelagorda.es\/wp-content\/plugins\/eligemenu-integration\/assets\/images\/allergens\/sulfites.svg');\"\n                    ><\/span>\n                                    <span \n                        class=\"em-allergen-icon\"\n                        title=\"L\u00e1cteos\"\n                        aria-label=\"L\u00e1cteos\"\n                        style=\"-webkit-mask-image: url('https:\/\/eldediezdelagorda.es\/wp-content\/plugins\/eligemenu-integration\/assets\/images\/allergens\/dairy.svg'); mask-image: url('https:\/\/eldediezdelagorda.es\/wp-content\/plugins\/eligemenu-integration\/assets\/images\/allergens\/dairy.svg');\"\n                    ><\/span>\n                                    <span \n                        class=\"em-allergen-icon\"\n                        title=\"Gluten\"\n                        aria-label=\"Gluten\"\n                        style=\"-webkit-mask-image: url('https:\/\/eldediezdelagorda.es\/wp-content\/plugins\/eligemenu-integration\/assets\/images\/allergens\/gluten.svg'); mask-image: url('https:\/\/eldediezdelagorda.es\/wp-content\/plugins\/eligemenu-integration\/assets\/images\/allergens\/gluten.svg');\"\n                    ><\/span>\n                            <\/div>\n            <\/div>\n<\/article>\n<\/div><div class=\"em-dishlist-item\">\n<article class=\"em-dish\">\n    <!-- Columna 1: Imagen (oculta si show_image = false) -->\n    <div class=\"em-dish__image\">\n                    <img decoding=\"async\" \n                src=\"https:\/\/jcfiarsoqvczjavikgoh.supabase.co\/storage\/v1\/object\/public\/restaurant-images\/dish-images\/1762857968895-209lujg3nr5.jpg\" \n                alt=\"Crujientes de pitu con salsa de curry, mango y salsa de cheetos\"\n                loading=\"lazy\"\n            \/>\n            <\/div>\n    \n    <!-- Columna 2: Contenido (header, descripci\u00f3n, al\u00e9rgenos) -->\n    <div class=\"em-dish__content\">\n        <!-- Fila 1: Header (t\u00edtulo + badge + leader + precios) -->\n        <div class=\"em-dish__header em-dish__header--with-leader\">\n            <span class=\"em-dish__title-block\">\n                                \n                <span class=\"em-dish__title\">Crujientes de pitu con salsa de curry, mango y salsa de cheetos<\/span>\n                \n                            <\/span>\n            \n                            <span class=\"em-dish__leader\"><\/span>\n                        \n                <span class=\"em-dish__prices\">\n                    <span class=\"em-dish__price--p2\">\n                                            <\/span>\n                    \n                                        \n                    <span class=\"em-dish__price--p1\">\n                                                    13,00\u20ac                                            <\/span>\n                <\/span>\n                    <\/div>\n        \n        <!-- Fila 2: Descripci\u00f3n (solo si existe Y est\u00e1 habilitada) -->\n                \n        <!-- Fila 3: Al\u00e9rgenos (solo si existen Y est\u00e1n habilitados) -->\n                    <div class=\"em-dish__allergens\">\n                                    <span \n                        class=\"em-allergen-icon\"\n                        title=\"Huevos\"\n                        aria-label=\"Huevos\"\n                        style=\"-webkit-mask-image: url('https:\/\/eldediezdelagorda.es\/wp-content\/plugins\/eligemenu-integration\/assets\/images\/allergens\/eggs.svg'); mask-image: url('https:\/\/eldediezdelagorda.es\/wp-content\/plugins\/eligemenu-integration\/assets\/images\/allergens\/eggs.svg');\"\n                    ><\/span>\n                                    <span \n                        class=\"em-allergen-icon\"\n                        title=\"Di\u00f3xido de azufre y sulfitos\"\n                        aria-label=\"Di\u00f3xido de azufre y sulfitos\"\n                        style=\"-webkit-mask-image: url('https:\/\/eldediezdelagorda.es\/wp-content\/plugins\/eligemenu-integration\/assets\/images\/allergens\/sulfites.svg'); mask-image: url('https:\/\/eldediezdelagorda.es\/wp-content\/plugins\/eligemenu-integration\/assets\/images\/allergens\/sulfites.svg');\"\n                    ><\/span>\n                                    <span \n                        class=\"em-allergen-icon\"\n                        title=\"Frutos secos\"\n                        aria-label=\"Frutos secos\"\n                        style=\"-webkit-mask-image: url('https:\/\/eldediezdelagorda.es\/wp-content\/plugins\/eligemenu-integration\/assets\/images\/allergens\/tree-nuts.svg'); mask-image: url('https:\/\/eldediezdelagorda.es\/wp-content\/plugins\/eligemenu-integration\/assets\/images\/allergens\/tree-nuts.svg');\"\n                    ><\/span>\n                                    <span \n                        class=\"em-allergen-icon\"\n                        title=\"Gluten\"\n                        aria-label=\"Gluten\"\n                        style=\"-webkit-mask-image: url('https:\/\/eldediezdelagorda.es\/wp-content\/plugins\/eligemenu-integration\/assets\/images\/allergens\/gluten.svg'); mask-image: url('https:\/\/eldediezdelagorda.es\/wp-content\/plugins\/eligemenu-integration\/assets\/images\/allergens\/gluten.svg');\"\n                    ><\/span>\n                                    <span \n                        class=\"em-allergen-icon\"\n                        title=\"Cacahuetes\"\n                        aria-label=\"Cacahuetes\"\n                        style=\"-webkit-mask-image: url('https:\/\/eldediezdelagorda.es\/wp-content\/plugins\/eligemenu-integration\/assets\/images\/allergens\/peanuts.svg'); mask-image: url('https:\/\/eldediezdelagorda.es\/wp-content\/plugins\/eligemenu-integration\/assets\/images\/allergens\/peanuts.svg');\"\n                    ><\/span>\n                            <\/div>\n            <\/div>\n<\/article>\n<\/div><div class=\"em-dishlist-item\">\n<article class=\"em-dish\">\n    <!-- Columna 1: Imagen (oculta si show_image = false) -->\n    <div class=\"em-dish__image\">\n                    <img decoding=\"async\" \n                src=\"https:\/\/jcfiarsoqvczjavikgoh.supabase.co\/storage\/v1\/object\/public\/restaurant-images\/dish-images\/1762858006529-ck9qy6zd70c.jpg\" \n                alt=\"Pan bao relleno de carrillera con verduritas y mayonesa de hois\u00edn\"\n                loading=\"lazy\"\n            \/>\n            <\/div>\n    \n    <!-- Columna 2: Contenido (header, descripci\u00f3n, al\u00e9rgenos) -->\n    <div class=\"em-dish__content\">\n        <!-- Fila 1: Header (t\u00edtulo + badge + leader + precios) -->\n        <div class=\"em-dish__header em-dish__header--with-leader\">\n            <span class=\"em-dish__title-block\">\n                                \n                <span class=\"em-dish__title\">Pan bao relleno de carrillera con verduritas y mayonesa de hois\u00edn<\/span>\n                \n                            <\/span>\n            \n                            <span class=\"em-dish__leader\"><\/span>\n                        \n                <span class=\"em-dish__prices\">\n                    <span class=\"em-dish__price--p2\">\n                                            <\/span>\n                    \n                                        \n                    <span class=\"em-dish__price--p1\">\n                                                    14,00\u20ac                                            <\/span>\n                <\/span>\n                    <\/div>\n        \n        <!-- Fila 2: Descripci\u00f3n (solo si existe Y est\u00e1 habilitada) -->\n                    <p class=\"em-dish__desc\">3 unidades<\/p>\n                \n        <!-- Fila 3: Al\u00e9rgenos (solo si existen Y est\u00e1n habilitados) -->\n                    <div class=\"em-dish__allergens\">\n                                    <span \n                        class=\"em-allergen-icon\"\n                        title=\"Di\u00f3xido de azufre y sulfitos\"\n                        aria-label=\"Di\u00f3xido de azufre y sulfitos\"\n                        style=\"-webkit-mask-image: url('https:\/\/eldediezdelagorda.es\/wp-content\/plugins\/eligemenu-integration\/assets\/images\/allergens\/sulfites.svg'); mask-image: url('https:\/\/eldediezdelagorda.es\/wp-content\/plugins\/eligemenu-integration\/assets\/images\/allergens\/sulfites.svg');\"\n                    ><\/span>\n                                    <span \n                        class=\"em-allergen-icon\"\n                        title=\"L\u00e1cteos\"\n                        aria-label=\"L\u00e1cteos\"\n                        style=\"-webkit-mask-image: url('https:\/\/eldediezdelagorda.es\/wp-content\/plugins\/eligemenu-integration\/assets\/images\/allergens\/dairy.svg'); mask-image: url('https:\/\/eldediezdelagorda.es\/wp-content\/plugins\/eligemenu-integration\/assets\/images\/allergens\/dairy.svg');\"\n                    ><\/span>\n                                    <span \n                        class=\"em-allergen-icon\"\n                        title=\"Gluten\"\n                        aria-label=\"Gluten\"\n                        style=\"-webkit-mask-image: url('https:\/\/eldediezdelagorda.es\/wp-content\/plugins\/eligemenu-integration\/assets\/images\/allergens\/gluten.svg'); mask-image: url('https:\/\/eldediezdelagorda.es\/wp-content\/plugins\/eligemenu-integration\/assets\/images\/allergens\/gluten.svg');\"\n                    ><\/span>\n                                    <span \n                        class=\"em-allergen-icon\"\n                        title=\"Soja\"\n                        aria-label=\"Soja\"\n                        style=\"-webkit-mask-image: url('https:\/\/eldediezdelagorda.es\/wp-content\/plugins\/eligemenu-integration\/assets\/images\/allergens\/soy.svg'); mask-image: url('https:\/\/eldediezdelagorda.es\/wp-content\/plugins\/eligemenu-integration\/assets\/images\/allergens\/soy.svg');\"\n                    ><\/span>\n                            <\/div>\n            <\/div>\n<\/article>\n<\/div><div class=\"em-dishlist-item\">\n<article class=\"em-dish\">\n    <!-- Columna 1: Imagen (oculta si show_image = false) -->\n    <div class=\"em-dish__image\">\n                    <img decoding=\"async\" \n                src=\"https:\/\/jcfiarsoqvczjavikgoh.supabase.co\/storage\/v1\/object\/public\/restaurant-images\/dish-images\/1762857979258-5f2y7s7tto.jpg\" \n                alt=\"Pad tahi de pollo y verduritas\"\n                loading=\"lazy\"\n            \/>\n            <\/div>\n    \n    <!-- Columna 2: Contenido (header, descripci\u00f3n, al\u00e9rgenos) -->\n    <div class=\"em-dish__content\">\n        <!-- Fila 1: Header (t\u00edtulo + badge + leader + precios) -->\n        <div class=\"em-dish__header em-dish__header--with-leader\">\n            <span class=\"em-dish__title-block\">\n                                \n                <span class=\"em-dish__title\">Pad tahi de pollo y verduritas<\/span>\n                \n                            <\/span>\n            \n                            <span class=\"em-dish__leader\"><\/span>\n                        \n                <span class=\"em-dish__prices\">\n                    <span class=\"em-dish__price--p2\">\n                                            <\/span>\n                    \n                                        \n                    <span class=\"em-dish__price--p1\">\n                                                    15,00\u20ac                                            <\/span>\n                <\/span>\n                    <\/div>\n        \n        <!-- Fila 2: Descripci\u00f3n (solo si existe Y est\u00e1 habilitada) -->\n                \n        <!-- Fila 3: Al\u00e9rgenos (solo si existen Y est\u00e1n habilitados) -->\n                    <div class=\"em-dish__allergens\">\n                                    <span \n                        class=\"em-allergen-icon\"\n                        title=\"Di\u00f3xido de azufre y sulfitos\"\n                        aria-label=\"Di\u00f3xido de azufre y sulfitos\"\n                        style=\"-webkit-mask-image: url('https:\/\/eldediezdelagorda.es\/wp-content\/plugins\/eligemenu-integration\/assets\/images\/allergens\/sulfites.svg'); mask-image: url('https:\/\/eldediezdelagorda.es\/wp-content\/plugins\/eligemenu-integration\/assets\/images\/allergens\/sulfites.svg');\"\n                    ><\/span>\n                                    <span \n                        class=\"em-allergen-icon\"\n                        title=\"Frutos secos\"\n                        aria-label=\"Frutos secos\"\n                        style=\"-webkit-mask-image: url('https:\/\/eldediezdelagorda.es\/wp-content\/plugins\/eligemenu-integration\/assets\/images\/allergens\/tree-nuts.svg'); mask-image: url('https:\/\/eldediezdelagorda.es\/wp-content\/plugins\/eligemenu-integration\/assets\/images\/allergens\/tree-nuts.svg');\"\n                    ><\/span>\n                                    <span \n                        class=\"em-allergen-icon\"\n                        title=\"Cacahuetes\"\n                        aria-label=\"Cacahuetes\"\n                        style=\"-webkit-mask-image: url('https:\/\/eldediezdelagorda.es\/wp-content\/plugins\/eligemenu-integration\/assets\/images\/allergens\/peanuts.svg'); mask-image: url('https:\/\/eldediezdelagorda.es\/wp-content\/plugins\/eligemenu-integration\/assets\/images\/allergens\/peanuts.svg');\"\n                    ><\/span>\n                                    <span \n                        class=\"em-allergen-icon\"\n                        title=\"Soja\"\n                        aria-label=\"Soja\"\n                        style=\"-webkit-mask-image: url('https:\/\/eldediezdelagorda.es\/wp-content\/plugins\/eligemenu-integration\/assets\/images\/allergens\/soy.svg'); mask-image: url('https:\/\/eldediezdelagorda.es\/wp-content\/plugins\/eligemenu-integration\/assets\/images\/allergens\/soy.svg');\"\n                    ><\/span>\n                            <\/div>\n            <\/div>\n<\/article>\n<\/div><div class=\"em-dishlist-item\">\n<article class=\"em-dish\">\n    <!-- Columna 1: Imagen (oculta si show_image = false) -->\n    <div class=\"em-dish__image\">\n                    <img decoding=\"async\" \n                src=\"https:\/\/jcfiarsoqvczjavikgoh.supabase.co\/storage\/v1\/object\/public\/restaurant-images\/dish-images\/1762857896191-n0mv904r03g.jpg\" \n                alt=\"Lomos de jabal\u00ed con pur\u00e9 de casta\u00f1a y pimientos caramelizados\"\n                loading=\"lazy\"\n            \/>\n            <\/div>\n    \n    <!-- Columna 2: Contenido (header, descripci\u00f3n, al\u00e9rgenos) -->\n    <div class=\"em-dish__content\">\n        <!-- Fila 1: Header (t\u00edtulo + badge + leader + precios) -->\n        <div class=\"em-dish__header em-dish__header--with-leader\">\n            <span class=\"em-dish__title-block\">\n                                \n                <span class=\"em-dish__title\">Lomos de jabal\u00ed con pur\u00e9 de casta\u00f1a y pimientos caramelizados<\/span>\n                \n                            <\/span>\n            \n                            <span class=\"em-dish__leader\"><\/span>\n                        \n                <span class=\"em-dish__prices\">\n                    <span class=\"em-dish__price--p2\">\n                                            <\/span>\n                    \n                                        \n                    <span class=\"em-dish__price--p1\">\n                                                    17,00\u20ac                                            <\/span>\n                <\/span>\n                    <\/div>\n        \n        <!-- Fila 2: Descripci\u00f3n (solo si existe Y est\u00e1 habilitada) -->\n                \n        <!-- Fila 3: Al\u00e9rgenos (solo si existen Y est\u00e1n habilitados) -->\n                    <div class=\"em-dish__allergens\">\n                                    <span \n                        class=\"em-allergen-icon\"\n                        title=\"Di\u00f3xido de azufre y sulfitos\"\n                        aria-label=\"Di\u00f3xido de azufre y sulfitos\"\n                        style=\"-webkit-mask-image: url('https:\/\/eldediezdelagorda.es\/wp-content\/plugins\/eligemenu-integration\/assets\/images\/allergens\/sulfites.svg'); mask-image: url('https:\/\/eldediezdelagorda.es\/wp-content\/plugins\/eligemenu-integration\/assets\/images\/allergens\/sulfites.svg');\"\n                    ><\/span>\n                            <\/div>\n            <\/div>\n<\/article>\n<\/div><div class=\"em-dishlist-item\">\n<article class=\"em-dish\">\n    <!-- Columna 1: Imagen (oculta si show_image = false) -->\n    <div class=\"em-dish__image\">\n                    <img decoding=\"async\" \n                src=\"https:\/\/jcfiarsoqvczjavikgoh.supabase.co\/storage\/v1\/object\/public\/restaurant-images\/dish-images\/1762857930840-hbuavpte6y4.jpg\" \n                alt=\"Troceado de black angus de Miguel Vergana con patatas y pimientos\"\n                loading=\"lazy\"\n            \/>\n            <\/div>\n    \n    <!-- Columna 2: Contenido (header, descripci\u00f3n, al\u00e9rgenos) -->\n    <div class=\"em-dish__content\">\n        <!-- Fila 1: Header (t\u00edtulo + badge + leader + precios) -->\n        <div class=\"em-dish__header em-dish__header--with-leader\">\n            <span class=\"em-dish__title-block\">\n                                \n                <span class=\"em-dish__title\">Troceado de black angus de Miguel Vergana con patatas y pimientos<\/span>\n                \n                            <\/span>\n            \n                            <span class=\"em-dish__leader\"><\/span>\n                        \n                <span class=\"em-dish__prices\">\n                    <span class=\"em-dish__price--p2\">\n                                            <\/span>\n                    \n                                        \n                    <span class=\"em-dish__price--p1\">\n                                                    18,00\u20ac                                            <\/span>\n                <\/span>\n                    <\/div>\n        \n        <!-- Fila 2: Descripci\u00f3n (solo si existe Y est\u00e1 habilitada) -->\n                \n        <!-- Fila 3: Al\u00e9rgenos (solo si existen Y est\u00e1n habilitados) -->\n                    <div class=\"em-dish__allergens\">\n                                    <span \n                        class=\"em-allergen-icon\"\n                        title=\"Di\u00f3xido de azufre y sulfitos\"\n                        aria-label=\"Di\u00f3xido de azufre y sulfitos\"\n                        style=\"-webkit-mask-image: url('https:\/\/eldediezdelagorda.es\/wp-content\/plugins\/eligemenu-integration\/assets\/images\/allergens\/sulfites.svg'); mask-image: url('https:\/\/eldediezdelagorda.es\/wp-content\/plugins\/eligemenu-integration\/assets\/images\/allergens\/sulfites.svg');\"\n                    ><\/span>\n                            <\/div>\n            <\/div>\n<\/article>\n<\/div><\/div>\t\t\t\t<\/div>\n\t\t\t\t<\/div>\n\t\t\t\t\t<\/div>\n\t\t\t\t<\/div>\n\t\t<div class=\"elementor-element elementor-element-1f04854 e-con-full elementor-hidden-tablet elementor-hidden-mobile e-flex e-con e-child\" data-id=\"1f04854\" data-element_type=\"container\" data-e-type=\"container\">\n\t\t\t\t<div class=\"elementor-element elementor-element-35b6d7d elementor-widget elementor-widget-tastyc-image-style-2\" data-id=\"35b6d7d\" data-element_type=\"widget\" data-e-type=\"widget\" data-widget_type=\"tastyc-image-style-2.default\">\n\t\t\t\t<div class=\"elementor-widget-container\">\n\t\t\t\t\t\n\t\t<div class=\"tst-image-s-2\">\n\n\t\t\t<!-- image -->\n\t\t\t\t\t\t\t\t\t<div class=\"image-col img-size-sq\">\n\t\t\t\t<img decoding=\"async\" src=\"https:\/\/eldediezdelagorda.es\/wp-content\/uploads\/2025\/11\/rincon-de-la-chincha.jpg\" alt=\"\">\n\t\t\t<\/div>\n\t\t\t\t\t\t\n\t\t\t\n\t\t<\/div>\n\n\t\t\t\t\t\t<\/div>\n\t\t\t\t<\/div>\n\t\t\t\t<\/div>\n\t\t\t\t<\/div>\n\t\t<div class=\"elementor-element elementor-element-673b01c e-con-full e-flex e-con e-child\" data-id=\"673b01c\" data-element_type=\"container\" data-e-type=\"container\" data-settings=\"{&quot;background_background&quot;:&quot;classic&quot;}\">\n\t\t<div class=\"elementor-element elementor-element-3aa695d e-flex e-con-boxed e-con e-child\" data-id=\"3aa695d\" data-element_type=\"container\" data-e-type=\"container\">\n\t\t\t\t\t<div class=\"e-con-inner\">\n\t\t\t\t<div class=\"elementor-element elementor-element-1874b48 elementor-widget elementor-widget-heading\" data-id=\"1874b48\" data-element_type=\"widget\" data-e-type=\"widget\" data-widget_type=\"heading.default\">\n\t\t\t\t\t<h2 class=\"elementor-heading-title elementor-size-default\">Rinc\u00f3n <span style=\"color:#d39738\">Del <\/span>Llambi\u00f3n<\/h2>\t\t\t\t<\/div>\n\t\t\t\t<div class=\"elementor-element elementor-element-f55fa3a elementor-widget elementor-widget-em_dish_list_item\" data-id=\"f55fa3a\" data-element_type=\"widget\" data-e-type=\"widget\" data-widget_type=\"em_dish_list_item.default\">\n\t\t\t\t<div class=\"elementor-widget-container\">\n\t\t\t\t\t<div class=\"em-dishlist-wrapper\" data-columns=\"1\"><div class=\"em-dishlist-item\">\n<article class=\"em-dish\">\n    <!-- Columna 1: Imagen (oculta si show_image = false) -->\n    <div class=\"em-dish__image\">\n                    <img decoding=\"async\" \n                src=\"https:\/\/jcfiarsoqvczjavikgoh.supabase.co\/storage\/v1\/object\/public\/restaurant-images\/dish-images\/1762794545172-357kewke3tf.jpg\" \n                alt=\"Tarta caliente de manzana con helado de yogur\"\n                loading=\"lazy\"\n            \/>\n            <\/div>\n    \n    <!-- Columna 2: Contenido (header, descripci\u00f3n, al\u00e9rgenos) -->\n    <div class=\"em-dish__content\">\n        <!-- Fila 1: Header (t\u00edtulo + badge + leader + precios) -->\n        <div class=\"em-dish__header em-dish__header--with-leader\">\n            <span class=\"em-dish__title-block\">\n                                \n                <span class=\"em-dish__title\">Tarta caliente de manzana con helado de yogur<\/span>\n                \n                            <\/span>\n            \n                            <span class=\"em-dish__leader\"><\/span>\n                        \n                <span class=\"em-dish__prices\">\n                    <span class=\"em-dish__price--p2\">\n                                            <\/span>\n                    \n                                        \n                    <span class=\"em-dish__price--p1\">\n                                                    5,50\u20ac                                            <\/span>\n                <\/span>\n                    <\/div>\n        \n        <!-- Fila 2: Descripci\u00f3n (solo si existe Y est\u00e1 habilitada) -->\n                \n        <!-- Fila 3: Al\u00e9rgenos (solo si existen Y est\u00e1n habilitados) -->\n                    <div class=\"em-dish__allergens\">\n                                    <span \n                        class=\"em-allergen-icon\"\n                        title=\"Huevos\"\n                        aria-label=\"Huevos\"\n                        style=\"-webkit-mask-image: url('https:\/\/eldediezdelagorda.es\/wp-content\/plugins\/eligemenu-integration\/assets\/images\/allergens\/eggs.svg'); mask-image: url('https:\/\/eldediezdelagorda.es\/wp-content\/plugins\/eligemenu-integration\/assets\/images\/allergens\/eggs.svg');\"\n                    ><\/span>\n                                    <span \n                        class=\"em-allergen-icon\"\n                        title=\"Di\u00f3xido de azufre y sulfitos\"\n                        aria-label=\"Di\u00f3xido de azufre y sulfitos\"\n                        style=\"-webkit-mask-image: url('https:\/\/eldediezdelagorda.es\/wp-content\/plugins\/eligemenu-integration\/assets\/images\/allergens\/sulfites.svg'); mask-image: url('https:\/\/eldediezdelagorda.es\/wp-content\/plugins\/eligemenu-integration\/assets\/images\/allergens\/sulfites.svg');\"\n                    ><\/span>\n                                    <span \n                        class=\"em-allergen-icon\"\n                        title=\"L\u00e1cteos\"\n                        aria-label=\"L\u00e1cteos\"\n                        style=\"-webkit-mask-image: url('https:\/\/eldediezdelagorda.es\/wp-content\/plugins\/eligemenu-integration\/assets\/images\/allergens\/dairy.svg'); mask-image: url('https:\/\/eldediezdelagorda.es\/wp-content\/plugins\/eligemenu-integration\/assets\/images\/allergens\/dairy.svg');\"\n                    ><\/span>\n                                    <span \n                        class=\"em-allergen-icon\"\n                        title=\"Gluten\"\n                        aria-label=\"Gluten\"\n                        style=\"-webkit-mask-image: url('https:\/\/eldediezdelagorda.es\/wp-content\/plugins\/eligemenu-integration\/assets\/images\/allergens\/gluten.svg'); mask-image: url('https:\/\/eldediezdelagorda.es\/wp-content\/plugins\/eligemenu-integration\/assets\/images\/allergens\/gluten.svg');\"\n                    ><\/span>\n                            <\/div>\n            <\/div>\n<\/article>\n<\/div><div class=\"em-dishlist-item\">\n<article class=\"em-dish\">\n    <!-- Columna 1: Imagen (oculta si show_image = false) -->\n    <div class=\"em-dish__image\">\n                    <img decoding=\"async\" \n                src=\"https:\/\/jcfiarsoqvczjavikgoh.supabase.co\/storage\/v1\/object\/public\/restaurant-images\/dish-images\/1762794515606-n35acmafb5k.jpg\" \n                alt=\"Tarta de queso con helado de fresa\"\n                loading=\"lazy\"\n            \/>\n            <\/div>\n    \n    <!-- Columna 2: Contenido (header, descripci\u00f3n, al\u00e9rgenos) -->\n    <div class=\"em-dish__content\">\n        <!-- Fila 1: Header (t\u00edtulo + badge + leader + precios) -->\n        <div class=\"em-dish__header em-dish__header--with-leader\">\n            <span class=\"em-dish__title-block\">\n                                \n                <span class=\"em-dish__title\">Tarta de queso con helado de fresa<\/span>\n                \n                            <\/span>\n            \n                            <span class=\"em-dish__leader\"><\/span>\n                        \n                <span class=\"em-dish__prices\">\n                    <span class=\"em-dish__price--p2\">\n                                            <\/span>\n                    \n                                        \n                    <span class=\"em-dish__price--p1\">\n                                                    5,50\u20ac                                            <\/span>\n                <\/span>\n                    <\/div>\n        \n        <!-- Fila 2: Descripci\u00f3n (solo si existe Y est\u00e1 habilitada) -->\n                \n        <!-- Fila 3: Al\u00e9rgenos (solo si existen Y est\u00e1n habilitados) -->\n                    <div class=\"em-dish__allergens\">\n                                    <span \n                        class=\"em-allergen-icon\"\n                        title=\"Huevos\"\n                        aria-label=\"Huevos\"\n                        style=\"-webkit-mask-image: url('https:\/\/eldediezdelagorda.es\/wp-content\/plugins\/eligemenu-integration\/assets\/images\/allergens\/eggs.svg'); mask-image: url('https:\/\/eldediezdelagorda.es\/wp-content\/plugins\/eligemenu-integration\/assets\/images\/allergens\/eggs.svg');\"\n                    ><\/span>\n                                    <span \n                        class=\"em-allergen-icon\"\n                        title=\"Di\u00f3xido de azufre y sulfitos\"\n                        aria-label=\"Di\u00f3xido de azufre y sulfitos\"\n                        style=\"-webkit-mask-image: url('https:\/\/eldediezdelagorda.es\/wp-content\/plugins\/eligemenu-integration\/assets\/images\/allergens\/sulfites.svg'); mask-image: url('https:\/\/eldediezdelagorda.es\/wp-content\/plugins\/eligemenu-integration\/assets\/images\/allergens\/sulfites.svg');\"\n                    ><\/span>\n                                    <span \n                        class=\"em-allergen-icon\"\n                        title=\"L\u00e1cteos\"\n                        aria-label=\"L\u00e1cteos\"\n                        style=\"-webkit-mask-image: url('https:\/\/eldediezdelagorda.es\/wp-content\/plugins\/eligemenu-integration\/assets\/images\/allergens\/dairy.svg'); mask-image: url('https:\/\/eldediezdelagorda.es\/wp-content\/plugins\/eligemenu-integration\/assets\/images\/allergens\/dairy.svg');\"\n                    ><\/span>\n                                    <span \n                        class=\"em-allergen-icon\"\n                        title=\"Gluten\"\n                        aria-label=\"Gluten\"\n                        style=\"-webkit-mask-image: url('https:\/\/eldediezdelagorda.es\/wp-content\/plugins\/eligemenu-integration\/assets\/images\/allergens\/gluten.svg'); mask-image: url('https:\/\/eldediezdelagorda.es\/wp-content\/plugins\/eligemenu-integration\/assets\/images\/allergens\/gluten.svg');\"\n                    ><\/span>\n                            <\/div>\n            <\/div>\n<\/article>\n<\/div><div class=\"em-dishlist-item\">\n<article class=\"em-dish\">\n    <!-- Columna 1: Imagen (oculta si show_image = false) -->\n    <div class=\"em-dish__image\">\n                    <img decoding=\"async\" \n                src=\"https:\/\/jcfiarsoqvczjavikgoh.supabase.co\/storage\/v1\/object\/public\/restaurant-images\/dish-images\/1764667032351-itoc7f34wkr.jpg\" \n                alt=\"Arroz con leche\"\n                loading=\"lazy\"\n            \/>\n            <\/div>\n    \n    <!-- Columna 2: Contenido (header, descripci\u00f3n, al\u00e9rgenos) -->\n    <div class=\"em-dish__content\">\n        <!-- Fila 1: Header (t\u00edtulo + badge + leader + precios) -->\n        <div class=\"em-dish__header em-dish__header--with-leader\">\n            <span class=\"em-dish__title-block\">\n                                \n                <span class=\"em-dish__title\">Arroz con leche<\/span>\n                \n                            <\/span>\n            \n                            <span class=\"em-dish__leader\"><\/span>\n                        \n                <span class=\"em-dish__prices\">\n                    <span class=\"em-dish__price--p2\">\n                                            <\/span>\n                    \n                                        \n                    <span class=\"em-dish__price--p1\">\n                                                    5,50\u20ac                                            <\/span>\n                <\/span>\n                    <\/div>\n        \n        <!-- Fila 2: Descripci\u00f3n (solo si existe Y est\u00e1 habilitada) -->\n                \n        <!-- Fila 3: Al\u00e9rgenos (solo si existen Y est\u00e1n habilitados) -->\n                    <div class=\"em-dish__allergens\">\n                                    <span \n                        class=\"em-allergen-icon\"\n                        title=\"Di\u00f3xido de azufre y sulfitos\"\n                        aria-label=\"Di\u00f3xido de azufre y sulfitos\"\n                        style=\"-webkit-mask-image: url('https:\/\/eldediezdelagorda.es\/wp-content\/plugins\/eligemenu-integration\/assets\/images\/allergens\/sulfites.svg'); mask-image: url('https:\/\/eldediezdelagorda.es\/wp-content\/plugins\/eligemenu-integration\/assets\/images\/allergens\/sulfites.svg');\"\n                    ><\/span>\n                                    <span \n                        class=\"em-allergen-icon\"\n                        title=\"L\u00e1cteos\"\n                        aria-label=\"L\u00e1cteos\"\n                        style=\"-webkit-mask-image: url('https:\/\/eldediezdelagorda.es\/wp-content\/plugins\/eligemenu-integration\/assets\/images\/allergens\/dairy.svg'); mask-image: url('https:\/\/eldediezdelagorda.es\/wp-content\/plugins\/eligemenu-integration\/assets\/images\/allergens\/dairy.svg');\"\n                    ><\/span>\n                            <\/div>\n            <\/div>\n<\/article>\n<\/div><div class=\"em-dishlist-item\">\n<article class=\"em-dish\">\n    <!-- Columna 1: Imagen (oculta si show_image = false) -->\n    <div class=\"em-dish__image\">\n                    <img decoding=\"async\" \n                src=\"https:\/\/jcfiarsoqvczjavikgoh.supabase.co\/storage\/v1\/object\/public\/restaurant-images\/dish-images\/1762794522340-tgdo5pewtd.jpg\" \n                alt=\"Mug cake de chocolate con virutas de nueces\"\n                loading=\"lazy\"\n            \/>\n            <\/div>\n    \n    <!-- Columna 2: Contenido (header, descripci\u00f3n, al\u00e9rgenos) -->\n    <div class=\"em-dish__content\">\n        <!-- Fila 1: Header (t\u00edtulo + badge + leader + precios) -->\n        <div class=\"em-dish__header em-dish__header--with-leader\">\n            <span class=\"em-dish__title-block\">\n                                \n                <span class=\"em-dish__title\">Mug cake de chocolate con virutas de nueces<\/span>\n                \n                            <\/span>\n            \n                            <span class=\"em-dish__leader\"><\/span>\n                        \n                <span class=\"em-dish__prices\">\n                    <span class=\"em-dish__price--p2\">\n                                            <\/span>\n                    \n                                        \n                    <span class=\"em-dish__price--p1\">\n                                                    5,50\u20ac                                            <\/span>\n                <\/span>\n                    <\/div>\n        \n        <!-- Fila 2: Descripci\u00f3n (solo si existe Y est\u00e1 habilitada) -->\n                \n        <!-- Fila 3: Al\u00e9rgenos (solo si existen Y est\u00e1n habilitados) -->\n                    <div class=\"em-dish__allergens\">\n                                    <span \n                        class=\"em-allergen-icon\"\n                        title=\"Huevos\"\n                        aria-label=\"Huevos\"\n                        style=\"-webkit-mask-image: url('https:\/\/eldediezdelagorda.es\/wp-content\/plugins\/eligemenu-integration\/assets\/images\/allergens\/eggs.svg'); mask-image: url('https:\/\/eldediezdelagorda.es\/wp-content\/plugins\/eligemenu-integration\/assets\/images\/allergens\/eggs.svg');\"\n                    ><\/span>\n                                    <span \n                        class=\"em-allergen-icon\"\n                        title=\"Di\u00f3xido de azufre y sulfitos\"\n                        aria-label=\"Di\u00f3xido de azufre y sulfitos\"\n                        style=\"-webkit-mask-image: url('https:\/\/eldediezdelagorda.es\/wp-content\/plugins\/eligemenu-integration\/assets\/images\/allergens\/sulfites.svg'); mask-image: url('https:\/\/eldediezdelagorda.es\/wp-content\/plugins\/eligemenu-integration\/assets\/images\/allergens\/sulfites.svg');\"\n                    ><\/span>\n                                    <span \n                        class=\"em-allergen-icon\"\n                        title=\"L\u00e1cteos\"\n                        aria-label=\"L\u00e1cteos\"\n                        style=\"-webkit-mask-image: url('https:\/\/eldediezdelagorda.es\/wp-content\/plugins\/eligemenu-integration\/assets\/images\/allergens\/dairy.svg'); mask-image: url('https:\/\/eldediezdelagorda.es\/wp-content\/plugins\/eligemenu-integration\/assets\/images\/allergens\/dairy.svg');\"\n                    ><\/span>\n                                    <span \n                        class=\"em-allergen-icon\"\n                        title=\"Frutos secos\"\n                        aria-label=\"Frutos secos\"\n                        style=\"-webkit-mask-image: url('https:\/\/eldediezdelagorda.es\/wp-content\/plugins\/eligemenu-integration\/assets\/images\/allergens\/tree-nuts.svg'); mask-image: url('https:\/\/eldediezdelagorda.es\/wp-content\/plugins\/eligemenu-integration\/assets\/images\/allergens\/tree-nuts.svg');\"\n                    ><\/span>\n                                    <span \n                        class=\"em-allergen-icon\"\n                        title=\"Gluten\"\n                        aria-label=\"Gluten\"\n                        style=\"-webkit-mask-image: url('https:\/\/eldediezdelagorda.es\/wp-content\/plugins\/eligemenu-integration\/assets\/images\/allergens\/gluten.svg'); mask-image: url('https:\/\/eldediezdelagorda.es\/wp-content\/plugins\/eligemenu-integration\/assets\/images\/allergens\/gluten.svg');\"\n                    ><\/span>\n                            <\/div>\n            <\/div>\n<\/article>\n<\/div><div class=\"em-dishlist-item\">\n<article class=\"em-dish\">\n    <!-- Columna 1: Imagen (oculta si show_image = false) -->\n    <div class=\"em-dish__image\">\n                    <img decoding=\"async\" \n                src=\"https:\/\/jcfiarsoqvczjavikgoh.supabase.co\/storage\/v1\/object\/public\/restaurant-images\/dish-images\/1762794537205-fo3hkrp1y3u.jpg\" \n                alt=\"Torrija con helado de yogur\"\n                loading=\"lazy\"\n            \/>\n            <\/div>\n    \n    <!-- Columna 2: Contenido (header, descripci\u00f3n, al\u00e9rgenos) -->\n    <div class=\"em-dish__content\">\n        <!-- Fila 1: Header (t\u00edtulo + badge + leader + precios) -->\n        <div class=\"em-dish__header em-dish__header--with-leader\">\n            <span class=\"em-dish__title-block\">\n                                \n                <span class=\"em-dish__title\">Torrija con helado de yogur<\/span>\n                \n                            <\/span>\n            \n                            <span class=\"em-dish__leader\"><\/span>\n                        \n                <span class=\"em-dish__prices\">\n                    <span class=\"em-dish__price--p2\">\n                                            <\/span>\n                    \n                                        \n                    <span class=\"em-dish__price--p1\">\n                                                    5,50\u20ac                                            <\/span>\n                <\/span>\n                    <\/div>\n        \n        <!-- Fila 2: Descripci\u00f3n (solo si existe Y est\u00e1 habilitada) -->\n                \n        <!-- Fila 3: Al\u00e9rgenos (solo si existen Y est\u00e1n habilitados) -->\n                    <div class=\"em-dish__allergens\">\n                                    <span \n                        class=\"em-allergen-icon\"\n                        title=\"Huevos\"\n                        aria-label=\"Huevos\"\n                        style=\"-webkit-mask-image: url('https:\/\/eldediezdelagorda.es\/wp-content\/plugins\/eligemenu-integration\/assets\/images\/allergens\/eggs.svg'); mask-image: url('https:\/\/eldediezdelagorda.es\/wp-content\/plugins\/eligemenu-integration\/assets\/images\/allergens\/eggs.svg');\"\n                    ><\/span>\n                                    <span \n                        class=\"em-allergen-icon\"\n                        title=\"Di\u00f3xido de azufre y sulfitos\"\n                        aria-label=\"Di\u00f3xido de azufre y sulfitos\"\n                        style=\"-webkit-mask-image: url('https:\/\/eldediezdelagorda.es\/wp-content\/plugins\/eligemenu-integration\/assets\/images\/allergens\/sulfites.svg'); mask-image: url('https:\/\/eldediezdelagorda.es\/wp-content\/plugins\/eligemenu-integration\/assets\/images\/allergens\/sulfites.svg');\"\n                    ><\/span>\n                                    <span \n                        class=\"em-allergen-icon\"\n                        title=\"L\u00e1cteos\"\n                        aria-label=\"L\u00e1cteos\"\n                        style=\"-webkit-mask-image: url('https:\/\/eldediezdelagorda.es\/wp-content\/plugins\/eligemenu-integration\/assets\/images\/allergens\/dairy.svg'); mask-image: url('https:\/\/eldediezdelagorda.es\/wp-content\/plugins\/eligemenu-integration\/assets\/images\/allergens\/dairy.svg');\"\n                    ><\/span>\n                            <\/div>\n            <\/div>\n<\/article>\n<\/div><\/div>\t\t\t\t<\/div>\n\t\t\t\t<\/div>\n\t\t\t\t\t<\/div>\n\t\t\t\t<\/div>\n\t\t<div class=\"elementor-element elementor-element-77e22b3 e-con-full elementor-hidden-tablet elementor-hidden-mobile e-flex e-con e-child\" data-id=\"77e22b3\" data-element_type=\"container\" data-e-type=\"container\">\n\t\t\t\t<div class=\"elementor-element elementor-element-7a64a3f elementor-widget elementor-widget-tastyc-image-style-2\" data-id=\"7a64a3f\" data-element_type=\"widget\" data-e-type=\"widget\" data-widget_type=\"tastyc-image-style-2.default\">\n\t\t\t\t<div class=\"elementor-widget-container\">\n\t\t\t\t\t\n\t\t<div class=\"tst-image-s-2\">\n\n\t\t\t<!-- image -->\n\t\t\t\t\t\t\t\t\t<div class=\"image-col img-size-sq\">\n\t\t\t\t<img decoding=\"async\" src=\"https:\/\/eldediezdelagorda.es\/wp-content\/uploads\/2025\/11\/rincon-de-la-mar.jpg\" alt=\"\">\n\t\t\t<\/div>\n\t\t\t\t\t\t\n\t\t\t\n\t\t<\/div>\n\n\t\t\t\t\t\t<\/div>\n\t\t\t\t<\/div>\n\t\t\t\t<\/div>\n\t\t\t\t<\/div>\n\t\t\t\t\t<\/div>\n\t\t\t\t<\/div>\n\t\t<div class=\"elementor-element elementor-element-53ceacd4 e-flex e-con-boxed e-con e-parent\" data-id=\"53ceacd4\" data-element_type=\"container\" data-e-type=\"container\">\n\t\t\t\t\t<div class=\"e-con-inner\">\n\t\t\t\t\t<\/div>\n\t\t\t\t<\/div>\n\t\t<div class=\"elementor-element elementor-element-7acf46e8 e-flex e-con-boxed e-con e-parent\" data-id=\"7acf46e8\" data-element_type=\"container\" data-e-type=\"container\">\n\t\t\t\t\t<div class=\"e-con-inner\">\n\t\t<div class=\"elementor-element elementor-element-5e2efa5b e-con-full e-flex e-con e-child\" data-id=\"5e2efa5b\" data-element_type=\"container\" data-e-type=\"container\" data-settings=\"{&quot;background_background&quot;:&quot;classic&quot;}\">\n\t\t<div class=\"elementor-element elementor-element-4ba71362 e-con-full e-flex e-con e-child\" data-id=\"4ba71362\" data-element_type=\"container\" data-e-type=\"container\">\n\t\t\t\t<div class=\"elementor-element elementor-element-750f3eed elementor-widget elementor-widget-tastyc-section-heading-style-2\" data-id=\"750f3eed\" data-element_type=\"widget\" data-e-type=\"widget\" data-widget_type=\"tastyc-section-heading-style-2.default\">\n\t\t\t\t<div class=\"elementor-widget-container\">\n\t\t\t\t\t\n\t\t<!-- section heading -->\n\t\t\t\t<div class=\"title-box text-center\">\n\t\t\t\t\t\t<div class=\"suptitle\">\n\t\t\t\t<div class=\"icon-elem-svg\">\n\t\t\t\t\t<svg version=\"1.1\" id=\"Layer_1\" xmlns=\"http:\/\/www.w3.org\/2000\/svg\" xmlns:xlink=\"http:\/\/www.w3.org\/1999\/xlink\" x=\"0px\" y=\"0px\" viewbox=\"0 0 134.6 134.6\" enable-background=\"new 0 0 134.6 134.6\" xml:space=\"preserve\">\n\t\t\t\t\t\t<path fill=\"#E6B15F\" d=\"M67.3,134.6C60.2,96.8,38.1,74.5,0,67.4C37.9,60.4,60.3,38,67.3,0c7,38.1,29.4,60.3,67.3,67.3C96.6,74.3,74.3,96.6,67.3,134.6z\"\/>\n\t\t\t\t\t<\/svg>\n\t\t\t\t<\/div>\n\t\t\t\t<span >\n\t\t\t\t\tReserva online\t\t\t\t<\/span>\n\t\t\t\t<div class=\"icon-elem-svg\">\n\t\t\t\t\t<svg version=\"1.1\" id=\"Layer_1\" xmlns=\"http:\/\/www.w3.org\/2000\/svg\" xmlns:xlink=\"http:\/\/www.w3.org\/1999\/xlink\" x=\"0px\" y=\"0px\" viewbox=\"0 0 134.6 134.6\" enable-background=\"new 0 0 134.6 134.6\" xml:space=\"preserve\">\n\t\t\t\t\t\t<path fill=\"#E6B15F\" d=\"M67.3,134.6C60.2,96.8,38.1,74.5,0,67.4C37.9,60.4,60.3,38,67.3,0c7,38.1,29.4,60.3,67.3,67.3C96.6,74.3,74.3,96.6,67.3,134.6z\"\/>\n\t\t\t\t\t<\/svg>\n\t\t\t\t<\/div>\n\t\t\t<\/div>\n\t\t\t\t\t\t\t\t\t<h2 class=\"tst-title--h\">\n\t\t\t\t<span >\n\t\t\t\t\tReserva tu mesa\t\t\t\t<\/span>\n\t\t\t<\/h2>\n\t\t\t\t\t<\/div>\n\t\t\n\t\t\t\t\t\t<\/div>\n\t\t\t\t<\/div>\n\t\t\t\t<div class=\"elementor-element elementor-element-332ab35 elementor-widget elementor-widget-text-editor\" data-id=\"332ab35\" data-element_type=\"widget\" data-e-type=\"widget\" data-widget_type=\"text-editor.default\">\n\t\t\t\t\t\t\t\t\t<p>Para solicitar una reserva, llama al <a href=\"tel:+34984152031\">984 15 20 31<\/a> o rellena este formulario.<br \/><br \/>Es imprescindible que confirmemos la reserva para que sea v\u00e1lida.<\/p>\t\t\t\t\t\t\t\t<\/div>\n\t\t\t\t<\/div>\n\t\t\t\t<\/div>\n\t\t\t\t\t<\/div>\n\t\t\t\t<\/div>\n\t\t\t\t<\/div>","protected":false},"excerpt":{"rendered":"<p>Rinc\u00f3n De la huerta Ensalada templada de queso azul, tomate seco, frutos secos, manzana y miel 11,00\u20ac Mozzarella de b\u00fafala con pesto de hierbas mediterr\u00e1neas, tomate seco y avellanas 12,00\u20ac Ensalada C\u00e9sar de langostinos 12,00\u20ac Parrillada de verduras 12,00\u20ac Ensalada de tomate de Vegatur con lomos de at\u00fan, sal negra y aceite de oliva negra 13,00\u20ac Rinc\u00f3n De picar Croquetinas&#8230; <span class=\"tst-el-more\"><a href=\"https:\/\/eldediezdelagorda.es\/en\/la-carta\/\" class=\"tst-label tst-color tst-anima-link\">Read more<span class=\"screen-reader-text\">Read moreLa carta<\/span><\/a><\/span><\/p>","protected":false},"author":1,"featured_media":0,"parent":0,"menu_order":0,"comment_status":"closed","ping_status":"closed","template":"template-layout-builder.php","meta":{"_acf_changed":false,"inline_featured_image":false,"footnotes":""},"class_list":["post-5810","page","type-page","status-publish","hentry"],"acf":[],"aioseo_notices":[],"_links":{"self":[{"href":"https:\/\/eldediezdelagorda.es\/en\/wp-json\/wp\/v2\/pages\/5810","targetHints":{"allow":["GET"]}}],"collection":[{"href":"https:\/\/eldediezdelagorda.es\/en\/wp-json\/wp\/v2\/pages"}],"about":[{"href":"https:\/\/eldediezdelagorda.es\/en\/wp-json\/wp\/v2\/types\/page"}],"author":[{"embeddable":true,"href":"https:\/\/eldediezdelagorda.es\/en\/wp-json\/wp\/v2\/users\/1"}],"replies":[{"embeddable":true,"href":"https:\/\/eldediezdelagorda.es\/en\/wp-json\/wp\/v2\/comments?post=5810"}],"version-history":[{"count":113,"href":"https:\/\/eldediezdelagorda.es\/en\/wp-json\/wp\/v2\/pages\/5810\/revisions"}],"predecessor-version":[{"id":6615,"href":"https:\/\/eldediezdelagorda.es\/en\/wp-json\/wp\/v2\/pages\/5810\/revisions\/6615"}],"wp:attachment":[{"href":"https:\/\/eldediezdelagorda.es\/en\/wp-json\/wp\/v2\/media?parent=5810"}],"curies":[{"name":"wp","href":"https:\/\/api.w.org\/{rel}","templated":true}]}}